{"id":3433,"date":"2020-07-15T22:51:24","date_gmt":"2020-07-15T19:51:24","guid":{"rendered":"http:\/\/www.tangoturkradio.com\/?page_id=3433"},"modified":"2025-05-14T12:02:22","modified_gmt":"2025-05-14T09:02:22","slug":"tango-muzigi","status":"publish","type":"page","link":"https:\/\/www.tangoturkradio.com\/index.php\/tango-muzigi\/","title":{"rendered":"Tango M\u00fczi\u011fi"},"content":{"rendered":"<p><div class=\"fusion-fullwidth fullwidth-box fusion-builder-row-1 nonhundred-percent-fullwidth non-hundred-percent-height-scrolling\"  style='background-color: #000000;background-position: center center;background-repeat: no-repeat;padding-top:0px;padding-right:0px;padding-bottom:0px;padding-left:0px;'><div class=\"fusion-builder-row fusion-row \"><div  class=\"fusion-layout-column fusion_builder_column fusion_builder_column_1_1 fusion-builder-column-0 fusion-one-full fusion-column-first fusion-column-last 1_1\"  style='margin-top:0px;margin-bottom:0px;'><div class=\"fusion-column-wrapper\" style=\"padding: 0px 0px 0px 0px;background-position:left top;background-repeat:no-repeat;-webkit-background-size:cover;-moz-background-size:cover;-o-background-size:cover;background-size:cover;\"   data-bg-url=\"\"><a class=\"fusion-modal-text-link\" href=\"#\">\n<iframe loading=\"lazy\" style=\"border: none;\" src=\"https:\/\/yayin.hostwin.net\/cp\/widgets\/player\/single\/?p=8020\" width=\"100%\" height=\"110\" scrolling=\"no\"><\/iframe><\/a><div class=\"fusion-clearfix\"><\/div><\/div><\/div><\/div><\/div><style type=\"text\/css\">.fusion-fullwidth.fusion-builder-row-1 a:not(.fusion-button):not(.fusion-builder-module-control):not(.fusion-social-network-icon):not(.fb-icon-element):not(.fusion-countdown-link):not(.fusion-rollover-link):not(.fusion-rollover-gallery):not(.fusion-button-bar):not(.add_to_cart_button):not(.show_details_button):not(.product_type_external):not(.fusion-quick-view):not(.fusion-rollover-title-link):not(.fusion-breadcrumb-link) , .fusion-fullwidth.fusion-builder-row-1 a:not(.fusion-button):not(.fusion-builder-module-control):not(.fusion-social-network-icon):not(.fb-icon-element):not(.fusion-countdown-link):not(.fusion-rollover-link):not(.fusion-rollover-gallery):not(.fusion-button-bar):not(.add_to_cart_button):not(.show_details_button):not(.product_type_external):not(.fusion-quick-view):not(.fusion-rollover-title-link):not(.fusion-breadcrumb-link):before, .fusion-fullwidth.fusion-builder-row-1 a:not(.fusion-button):not(.fusion-builder-module-control):not(.fusion-social-network-icon):not(.fb-icon-element):not(.fusion-countdown-link):not(.fusion-rollover-link):not(.fusion-rollover-gallery):not(.fusion-button-bar):not(.add_to_cart_button):not(.show_details_button):not(.product_type_external):not(.fusion-quick-view):not(.fusion-rollover-title-link):not(.fusion-breadcrumb-link):after {color: #bc2b29;}.fusion-fullwidth.fusion-builder-row-1 a:not(.fusion-button):not(.fusion-builder-module-control):not(.fusion-social-network-icon):not(.fb-icon-element):not(.fusion-countdown-link):not(.fusion-rollover-link):not(.fusion-rollover-gallery):not(.fusion-button-bar):not(.add_to_cart_button):not(.show_details_button):not(.product_type_external):not(.fusion-quick-view):not(.fusion-rollover-title-link):not(.fusion-breadcrumb-link):hover, .fusion-fullwidth.fusion-builder-row-1 a:not(.fusion-button):not(.fusion-builder-module-control):not(.fusion-social-network-icon):not(.fb-icon-element):not(.fusion-countdown-link):not(.fusion-rollover-link):not(.fusion-rollover-gallery):not(.fusion-button-bar):not(.add_to_cart_button):not(.show_details_button):not(.product_type_external):not(.fusion-quick-view):not(.fusion-rollover-title-link):not(.fusion-breadcrumb-link):hover:before, .fusion-fullwidth.fusion-builder-row-1 a:not(.fusion-button):not(.fusion-builder-module-control):not(.fusion-social-network-icon):not(.fb-icon-element):not(.fusion-countdown-link):not(.fusion-rollover-link):not(.fusion-rollover-gallery):not(.fusion-button-bar):not(.add_to_cart_button):not(.show_details_button):not(.product_type_external):not(.fusion-quick-view):not(.fusion-rollover-title-link):not(.fusion-breadcrumb-link):hover:after {color: #ebbe50;}.fusion-fullwidth.fusion-builder-row-1 .pagination a.inactive:hover, .fusion-fullwidth.fusion-builder-row-1 .fusion-filters .fusion-filter.fusion-active a {border-color: #ebbe50;}.fusion-fullwidth.fusion-builder-row-1 .pagination .current {border-color: #ebbe50; background-color: #ebbe50;}.fusion-fullwidth.fusion-builder-row-1 .fusion-filters .fusion-filter.fusion-active a, .fusion-fullwidth.fusion-builder-row-1 .fusion-date-and-formats .fusion-format-box, .fusion-fullwidth.fusion-builder-row-1 .fusion-popover, .fusion-fullwidth.fusion-builder-row-1 .tooltip-shortcode {color: #ebbe50;}#main .fusion-fullwidth.fusion-builder-row-1 .post .blog-shortcode-post-title a:hover {color: #ebbe50;}<\/style><div class=\"fusion-fullwidth fullwidth-box fusion-builder-row-2 nonhundred-percent-fullwidth non-hundred-percent-height-scrolling\"  style='background-color: #000000;background-position: center center;background-repeat: no-repeat;padding-top:0px;padding-right:0px;padding-bottom:0px;padding-left:0px;'><div class=\"fusion-builder-row fusion-row \"><div  class=\"fusion-layout-column fusion_builder_column fusion_builder_column_1_1 fusion-builder-column-1 fusion-one-full fusion-column-first fusion-column-last 1_1\"  style='margin-top:0px;margin-bottom:0px;'><div class=\"fusion-column-wrapper\" style=\"padding: 0px 0px 0px 0px;background-position:left top;background-repeat:no-repeat;-webkit-background-size:cover;-moz-background-size:cover;-o-background-size:cover;background-size:cover;\"   data-bg-url=\"\"><div class=\"fusion-sep-clear\"><\/div><div class=\"fusion-separator fusion-full-width-sep sep-shadow\" style=\"background:radial-gradient(ellipse at 50% -50% , #edab07 0px, rgba(255, 255, 255, 0) 80%) repeat scroll 0 0 rgba(0, 0, 0, 0);background:-webkit-radial-gradient(ellipse at 50% -50% , #edab07 0px, rgba(255, 255, 255, 0) 80%) repeat scroll 0 0 rgba(0, 0, 0, 0);background:-moz-radial-gradient(ellipse at 50% -50% , #edab07 0px, rgba(255, 255, 255, 0) 80%) repeat scroll 0 0 rgba(0, 0, 0, 0);background:-o-radial-gradient(ellipse at 50% -50% , #edab07 0px, rgba(255, 255, 255, 0) 80%) repeat scroll 0 0 rgba(0, 0, 0, 0);margin-left: auto;margin-right: auto;margin-top:20px;margin-bottom:20px;\"><\/div><div class=\"fusion-clearfix\"><\/div><\/div><\/div><\/div><\/div><style type=\"text\/css\">.fusion-fullwidth.fusion-builder-row-2 a:not(.fusion-button):not(.fusion-builder-module-control):not(.fusion-social-network-icon):not(.fb-icon-element):not(.fusion-countdown-link):not(.fusion-rollover-link):not(.fusion-rollover-gallery):not(.fusion-button-bar):not(.add_to_cart_button):not(.show_details_button):not(.product_type_external):not(.fusion-quick-view):not(.fusion-rollover-title-link):not(.fusion-breadcrumb-link) , .fusion-fullwidth.fusion-builder-row-2 a:not(.fusion-button):not(.fusion-builder-module-control):not(.fusion-social-network-icon):not(.fb-icon-element):not(.fusion-countdown-link):not(.fusion-rollover-link):not(.fusion-rollover-gallery):not(.fusion-button-bar):not(.add_to_cart_button):not(.show_details_button):not(.product_type_external):not(.fusion-quick-view):not(.fusion-rollover-title-link):not(.fusion-breadcrumb-link):before, .fusion-fullwidth.fusion-builder-row-2 a:not(.fusion-button):not(.fusion-builder-module-control):not(.fusion-social-network-icon):not(.fb-icon-element):not(.fusion-countdown-link):not(.fusion-rollover-link):not(.fusion-rollover-gallery):not(.fusion-button-bar):not(.add_to_cart_button):not(.show_details_button):not(.product_type_external):not(.fusion-quick-view):not(.fusion-rollover-title-link):not(.fusion-breadcrumb-link):after {color: #bc2b29;}.fusion-fullwidth.fusion-builder-row-2 a:not(.fusion-button):not(.fusion-builder-module-control):not(.fusion-social-network-icon):not(.fb-icon-element):not(.fusion-countdown-link):not(.fusion-rollover-link):not(.fusion-rollover-gallery):not(.fusion-button-bar):not(.add_to_cart_button):not(.show_details_button):not(.product_type_external):not(.fusion-quick-view):not(.fusion-rollover-title-link):not(.fusion-breadcrumb-link):hover, .fusion-fullwidth.fusion-builder-row-2 a:not(.fusion-button):not(.fusion-builder-module-control):not(.fusion-social-network-icon):not(.fb-icon-element):not(.fusion-countdown-link):not(.fusion-rollover-link):not(.fusion-rollover-gallery):not(.fusion-button-bar):not(.add_to_cart_button):not(.show_details_button):not(.product_type_external):not(.fusion-quick-view):not(.fusion-rollover-title-link):not(.fusion-breadcrumb-link):hover:before, .fusion-fullwidth.fusion-builder-row-2 a:not(.fusion-button):not(.fusion-builder-module-control):not(.fusion-social-network-icon):not(.fb-icon-element):not(.fusion-countdown-link):not(.fusion-rollover-link):not(.fusion-rollover-gallery):not(.fusion-button-bar):not(.add_to_cart_button):not(.show_details_button):not(.product_type_external):not(.fusion-quick-view):not(.fusion-rollover-title-link):not(.fusion-breadcrumb-link):hover:after {color: #ebbe50;}.fusion-fullwidth.fusion-builder-row-2 .pagination a.inactive:hover, .fusion-fullwidth.fusion-builder-row-2 .fusion-filters .fusion-filter.fusion-active a {border-color: #ebbe50;}.fusion-fullwidth.fusion-builder-row-2 .pagination .current {border-color: #ebbe50; background-color: #ebbe50;}.fusion-fullwidth.fusion-builder-row-2 .fusion-filters .fusion-filter.fusion-active a, .fusion-fullwidth.fusion-builder-row-2 .fusion-date-and-formats .fusion-format-box, .fusion-fullwidth.fusion-builder-row-2 .fusion-popover, .fusion-fullwidth.fusion-builder-row-2 .tooltip-shortcode {color: #ebbe50;}#main .fusion-fullwidth.fusion-builder-row-2 .post .blog-shortcode-post-title a:hover {color: #ebbe50;}<\/style><div class=\"fusion-fullwidth fullwidth-box fusion-builder-row-3 nonhundred-percent-fullwidth non-hundred-percent-height-scrolling\"  style='background-color: #000000;background-position: center center;background-repeat: no-repeat;padding-top:0px;padding-right:0px;padding-bottom:0px;padding-left:0px;'><div class=\"fusion-builder-row fusion-row \"><div  class=\"fusion-layout-column fusion_builder_column fusion_builder_column_1_2 fusion-builder-column-2 fusion-one-half fusion-column-first 1_2\"  style='margin-top:0px;margin-bottom:0px;width:50%;width:calc(50% - ( ( 4% ) * 0.5 ) );margin-right: 4%;'><div class=\"fusion-column-wrapper\" style=\"padding: 0px 0px 0px 0px;background-position:left top;background-repeat:no-repeat;-webkit-background-size:cover;-moz-background-size:cover;-o-background-size:cover;background-size:cover;\"   data-bg-url=\"\"><div class=\"fusion-text\"><p><strong>\u00a0\ud83c\udfbc Tango M\u00fczi<\/strong><strong>\u011f<\/strong><strong>i<br \/>Tutkunun, ge\u00e7mi<\/strong><strong>\u015f<\/strong><strong>in ve <\/strong><strong>\u015f<\/strong><strong>ehrin sesi<\/strong><\/p>\n<p>Tango m\u00fczi\u011fi, 19. y\u00fczy\u0131l\u0131n sonlar\u0131nda Arjantin ve Uruguay\u2019\u0131n liman \u015fehirlerinde do\u011fmu\u015f, zamanla t\u00fcm d\u00fcnyaya yay\u0131larak hem dans\u0131n hem duygunun sembol\u00fc olmu\u015ftur. Ritmik yap\u0131s\u0131, derin melodileri ve hik\u00e2ye anlat\u0131c\u0131l\u0131\u011f\u0131 ile tango, sadece bir m\u00fczik de\u011fil; ya\u015fayan bir k\u00fclt\u00fcrd\u00fcr.<\/p>\n<p><strong>\ud83d\udd70\ufe0f Tango M\u00fczi<\/strong><strong>\u011f<\/strong><strong>inin D\u00f6nemleri<br \/><\/strong>Tango m\u00fczi\u011fi, yakla\u015f\u0131k 150 y\u0131ll\u0131k tarihinde farkl\u0131 d\u00f6nemlerden ge\u00e7mi\u015f, hem m\u00fczikal hem toplumsal olarak b\u00fcy\u00fck d\u00f6n\u00fc\u015f\u00fcmler ya\u015fam\u0131\u015ft\u0131r. A\u015fa\u011f\u0131da tango m\u00fczi\u011finin ba\u015fl\u0131ca evrimsel a\u015famalar\u0131n\u0131 bulacaks\u0131n\u0131z:<\/p>\n<ol>\n<li><strong> Do<\/strong><strong>\u011f<\/strong><strong>u<\/strong><strong>\u015f<\/strong><strong> D\u00f6nemi (1880\u20131920)<br \/><\/strong>Tango m\u00fczi\u011finin k\u00f6kleri, 19. y\u00fczy\u0131l sonlar\u0131nda Buenos Aires ve Montevideo\u2019nun alt s\u0131n\u0131f mahallelerinde at\u0131ld\u0131. Bu b\u00f6lgeler, Avrupa\u2019dan gelen g\u00f6\u00e7menlerle Afrikal\u0131 ve yerli topluluklar\u0131n k\u00fclt\u00fcrel etkile\u015fim alan\u0131yd\u0131.<br \/>Habanera, milonga campera, candombe gibi ritimlerin birle\u015fimiyle do\u011fan bu m\u00fczik, ba\u015flang\u0131\u00e7ta gayri resmi ortamlarda, genelevlerde, barlarda ve arka sokaklarda \u00e7al\u0131n\u0131yordu.<\/li>\n<\/ol>\n<p><strong>\u0130<\/strong><strong>lk tango enstr\u00fcmantasyonu genellikle <\/strong><strong>\u015f<\/strong><strong>u <\/strong><strong>\u015f<\/strong><strong>ekildeydi:<br \/>Gitar, Keman, Fl\u00fct\u2026<\/strong><br \/>Bu d\u00f6nemin sonlar\u0131na do\u011fru <strong>Bandoneon<\/strong> Almanya\u2019dan ithal edildi ve k\u0131sa s\u00fcrede tango m\u00fczi\u011finin temel sesi haline geldi.<br \/>Tango&#8217;nun yayg\u0131nla\u015fmas\u0131, onu dans m\u00fczi\u011fi olarak sahneye ta\u015f\u0131d\u0131 ve orta s\u0131n\u0131f taraf\u0131ndan da kabul g\u00f6rmeye ba\u015flad\u0131.<\/p>\n<ol start=\"2\">\n<li><strong> Alt\u0131n \u00c7a<\/strong><strong>\u011f<\/strong><strong> (1935\u20131955)<br \/><\/strong>Tango\u2019nun en parlak ve \u00fcretken d\u00f6nemi olarak kabul edilen bu y\u0131llar, Arjantin\u2019de sosyal ya\u015fam\u0131n merkezinde tango salonlar\u0131n\u0131n yer ald\u0131\u011f\u0131, b\u00fcy\u00fck orkestralar\u0131n dans m\u00fczi\u011fini y\u00f6nlendirdi\u011fi bir zaman dilimidir.<strong><br \/><\/strong>Tango art\u0131k sadece m\u00fczik de\u011fil, bir ya\u015fam bi\u00e7imi haline gelmi\u015fti.<strong><br \/>Bu d\u00f6nemin temel \u00f6zellikleri:<\/strong><\/li>\n<\/ol>\n<ul>\n<li><strong>B\u00fcy\u00fck orkestralarla zenginle<\/strong><strong>\u015f<\/strong><strong>tirilmi<\/strong><strong>\u015f<\/strong><strong> d\u00fczenlemeler<\/strong><\/li>\n<li><strong>Dansa uygun net ritmik yap\u0131<\/strong><\/li>\n<li><strong>Tanda sisteminin oturmas\u0131<\/strong><\/li>\n<li><strong>\u015e<\/strong><strong>ark\u0131 s\u00f6zlerinin daha duygusal, dramatik ve kentli bir dile evrilmesi<\/strong><\/li>\n<\/ul>\n<p><strong>Bu d\u00f6nemin \u00f6ne \u00e7\u0131kan orkestralar\u0131 ve liderleri:<\/strong><\/p>\n<ul>\n<li><strong>Juan D\u2019Arienzo: <\/strong>Sert ritimler, dans\u00e7\u0131lara y\u00f6nelik net vurgu<\/li>\n<li><strong>Carlos Di Sarli: <\/strong>Lirik, zarif melodiler ve p\u00fcr\u00fczs\u00fcz ak\u0131\u015f<\/li>\n<li><strong>Osvaldo Pugliese: <\/strong>Yo\u011fun duygusal ifade, dramatik y\u00fckseli\u015fler<\/li>\n<li><strong>An\u00edbal Troilo: <\/strong>Duygusal derinlik ve bandoneonun zarafeti<\/li>\n<li><strong>Carlos Gardel: <\/strong>Tango&#8217;nun efsanevi sesi ve ilk uluslararas\u0131 y\u0131ld\u0131z\u0131<\/li>\n<\/ul>\n<p>Alt\u0131n \u00c7a\u011f, Arjantin tarihindeki politik istikrars\u0131zl\u0131klar ba\u015flamadan \u00f6nceki son huzurlu d\u00f6nemdi. Tangonun her sosyoekonomik kesimden insan\u0131 bir araya getirdi\u011fi nadir y\u0131llard\u0131.<\/p>\n<ol start=\"3\">\n<li><strong> Ge\u00e7i<\/strong><strong>\u015f<\/strong><strong> ve D\u00f6n\u00fc<\/strong><strong>\u015f<\/strong><strong>\u00fcm D\u00f6nemi (1955\u20131970)<\/strong><\/li>\n<\/ol>\n<p>1950\u2019lerin ortalar\u0131nda Arjantin\u2019de asker\u00ee darbeler, sans\u00fcr, sosyal bask\u0131lar ve yeni k\u00fclt\u00fcrel e\u011filimler tangoyu g\u00f6lgede b\u0131rakt\u0131. Rock, pop ve yabanc\u0131 m\u00fczik ak\u0131mlar\u0131n\u0131n y\u00fckseli\u015fiyle tango dans salonlar\u0131 azalmaya ba\u015flad\u0131.<br \/>Ancak bu d\u00f6nemde tango m\u00fczi\u011fi sahneden tamamen \u00e7ekilmedi. Aksine, Astor Piazzolla gibi besteciler tangoyu farkl\u0131 y\u00f6nlere evriltmeye ba\u015flad\u0131lar.<\/p>\n<p><strong>Piazzolla\u2019n\u0131n m\u00fczi<\/strong><strong>\u011f<\/strong><strong>i:<\/strong><\/p>\n<ul>\n<li><strong>Geleneksel dans yap\u0131s\u0131ndan \u00e7\u0131kar\u0131lm\u0131<\/strong><strong>\u015f<\/strong><strong>t\u0131r<\/strong><\/li>\n<li><strong>Klasik m\u00fczik, caz ve modern armonilerle harmanlanm\u0131<\/strong><strong>\u015f<\/strong><strong>t\u0131r<\/strong><\/li>\n<li><strong>Konser odakl\u0131d\u0131r; daha \u00e7ok dinlenmek i\u00e7in bestelenmi<\/strong><strong>\u015f<\/strong><strong>tir<\/strong><\/li>\n<\/ul>\n<p>Bu d\u00f6nemde tango, gelenekten ayr\u0131lan ama yeni bir sanat formu olarak varl\u0131\u011f\u0131n\u0131 s\u00fcrd\u00fcren bir hale geldi.<\/p>\n<ol start=\"4\">\n<li><strong> Tango Nuevo ve Yeniden Do<\/strong><strong>\u011f<\/strong><strong>u<\/strong><strong>\u015f<\/strong><strong> (1980\u20132000)<\/strong><\/li>\n<\/ol>\n<p>1970&#8217;ler ve 80\u2019lerle birlikte hem Arjantin&#8217;de hem de d\u00fcnyada tangoya olan ilgi yeniden do\u011fdu. Tangonun bir &#8220;miras m\u00fczi\u011fi&#8221; olarak de\u011fer kazanmas\u0131, k\u00fclt\u00fcrel festivallerde yer bulmas\u0131 ve dans okullar\u0131n\u0131n a\u00e7\u0131lmas\u0131 bu canlanmada etkili oldu.<\/p>\n<p><strong>Yeni D\u00f6nemin \u00d6zellikleri:<\/strong><\/p>\n<ul>\n<li><strong>Piazzolla etkisinin devam\u0131<\/strong><\/li>\n<li><strong>Geleneksel tangolar\u0131n yeniden d\u00fczenlenmesi<\/strong><\/li>\n<li><strong>D\u00fcnya \u00e7ap\u0131nda tango orkestralar\u0131n\u0131n ve dans gruplar\u0131n\u0131n yay\u0131lmas\u0131<\/strong><\/li>\n<li><strong>Tango m\u00fczi<\/strong><strong>\u011f<\/strong><strong>inin akademik ve sanatsal \u00e7evrelerce ciddiyetle ele al\u0131nmas\u0131<\/strong><\/li>\n<\/ul>\n<ol start=\"5\">\n<li><strong> \u00c7a<\/strong><strong>\u011f<\/strong><strong>da<\/strong><strong>\u015f<\/strong><strong> D\u00f6nem: ElectroTango ve Dijital K\u00fclt\u00fcr (2000\u2013g\u00fcn\u00fcm\u00fcz)<\/strong><\/li>\n<\/ol>\n<p>Yeni milenyumla birlikte tango m\u00fczi\u011fi teknolojiyle i\u00e7 i\u00e7e ge\u00e7erek daha geni\u015f kitlelere ula\u015fmaya ba\u015flad\u0131. Elektronik elementlerin geleneksel tango yap\u0131s\u0131yla birle\u015fti\u011fi ElectroTango ak\u0131m\u0131 do\u011fdu.<br \/>Gotan Project, Bajofondo, Otros Aires gibi gruplar; tangoyu modern beat\u2019lerle birle\u015ftirerek gen\u00e7 ku\u015faklar\u0131n ilgisini \u00e7ekti.<br \/>Ayn\u0131 zamanda:<br \/><strong>Tango DJ k\u00fclt\u00fcr\u00fc ortaya \u00e7\u0131kt\u0131<\/strong><br \/>Milonga gecelerinde DJ\u2019ler geleneksel kay\u0131tlar\u0131 dijital ortamda \u00e7alarken,<br \/>Online radyo yay\u0131nlar\u0131, YouTube, Spotify listeleriyle tango 7\/24 ula\u015f\u0131labilir hale geldi.<br \/>Bu d\u00f6nemde tango hem nostaljik hem yenilik\u00e7i, hem yerel hem k\u00fcresel bir m\u00fczik halini ald\u0131.<br \/>Tango m\u00fczi\u011fi, y\u00fcz y\u0131l\u0131 a\u015fk\u0131n s\u00fcredir sadece dans pistlerinde de\u011fil, \u015fehirlerin belle\u011finde, kalplerin derinli\u011finde ya\u015f\u0131yor. Her d\u00f6nemi, kendi ruhunu yans\u0131t\u0131yor ve g\u00fcn\u00fcm\u00fczde t\u00fcm bu zenginli\u011fiyle birlikte ya\u015famaya devam ediyor.<\/p>\n<p><strong>\u201cTango de<\/strong><strong>\u011f<\/strong><strong>i<\/strong><strong>\u015f<\/strong><strong>ti. Ama hissettirdikleri hep ayn\u0131 kald\u0131.\u201d<\/strong><\/p>\n<\/div><span class=\"fusion-imageframe imageframe-none imageframe-1 hover-type-none\"><img loading=\"lazy\" decoding=\"async\" src=\"https:\/\/www.tangoturkradio.com\/wp-content\/uploads\/2025\/05\/20.png\" width=\"2176\" height=\"1063\" alt=\"\" title=\"20\" class=\"img-responsive wp-image-4806\" srcset=\"https:\/\/www.tangoturkradio.com\/wp-content\/uploads\/2025\/05\/20-200x98.png 200w, https:\/\/www.tangoturkradio.com\/wp-content\/uploads\/2025\/05\/20-400x195.png 400w, https:\/\/www.tangoturkradio.com\/wp-content\/uploads\/2025\/05\/20-600x293.png 600w, https:\/\/www.tangoturkradio.com\/wp-content\/uploads\/2025\/05\/20-800x391.png 800w, https:\/\/www.tangoturkradio.com\/wp-content\/uploads\/2025\/05\/20-1200x586.png 1200w, https:\/\/www.tangoturkradio.com\/wp-content\/uploads\/2025\/05\/20.png 2176w\" sizes=\"auto, (max-width: 800px) 100vw, 800px\" \/><\/span><div class=\"imageframe-align-center\"><span class=\"fusion-imageframe imageframe-none imageframe-2 hover-type-none\"><img decoding=\"async\" src=\"https:\/\/www.tangoturkradio.com\/wp-content\/uploads\/2024\/06\/ttradio-radio-logo-300x300.png\"   alt=\"\" title=\"\" class=\"img-responsive\"\/><\/span><\/div><div class=\"fusion-clearfix\"><\/div><\/div><\/div><div  class=\"fusion-layout-column fusion_builder_column fusion_builder_column_1_2 fusion-builder-column-3 fusion-one-half fusion-column-last 1_2\"  style='margin-top:0px;margin-bottom:0px;width:50%;width:calc(50% - ( ( 4% ) * 0.5 ) );'><div class=\"fusion-column-wrapper\" style=\"padding: 0px 0px 0px 0px;background-position:left top;background-repeat:no-repeat;-webkit-background-size:cover;-moz-background-size:cover;-o-background-size:cover;background-size:cover;\"   data-bg-url=\"\"><div class=\"imageframe-align-center\"><span class=\"fusion-imageframe imageframe-none imageframe-3 hover-type-none\"><img loading=\"lazy\" decoding=\"async\" src=\"https:\/\/www.tangoturkradio.com\/wp-content\/uploads\/2025\/05\/10-1.png\" width=\"2176\" height=\"1063\" alt=\"\" title=\"10\" class=\"img-responsive wp-image-4796\" srcset=\"https:\/\/www.tangoturkradio.com\/wp-content\/uploads\/2025\/05\/10-1-200x98.png 200w, https:\/\/www.tangoturkradio.com\/wp-content\/uploads\/2025\/05\/10-1-400x195.png 400w, https:\/\/www.tangoturkradio.com\/wp-content\/uploads\/2025\/05\/10-1-600x293.png 600w, https:\/\/www.tangoturkradio.com\/wp-content\/uploads\/2025\/05\/10-1-800x391.png 800w, https:\/\/www.tangoturkradio.com\/wp-content\/uploads\/2025\/05\/10-1-1200x586.png 1200w, https:\/\/www.tangoturkradio.com\/wp-content\/uploads\/2025\/05\/10-1.png 2176w\" sizes=\"auto, (max-width: 800px) 100vw, 800px\" \/><\/span><\/div><div class=\"fusion-text\"><p><strong>\u00a0T\u00fcrkiye\u2019de Tango M\u00fczi<\/strong><strong>\u011f<\/strong><strong>i: Yerelden Evrensele Bir Tutkunun Yolculu<\/strong><strong>\u011f<\/strong><strong>u<\/strong><\/p>\n<p>Tango m\u00fczi\u011fi, Arjantin\u2019in limanlar\u0131ndan \u0130stanbul\u2019un salonlar\u0131na uzanan benzersiz bir ser\u00fcven ya\u015fad\u0131. T\u00fcrkiye\u2019de tango, sadece bir dans olarak de\u011fil; ayn\u0131 zamanda bat\u0131l\u0131la\u015fma, kentli ya\u015fam, sanat ve nostalji gibi temalar\u0131n birle\u015fti\u011fi k\u00fclt\u00fcrel bir zemin olarak yer buldu.<\/p>\n<p><strong>Cumhuriyet\u2019in <\/strong><strong>\u0130<\/strong><strong>lk Y\u0131llar\u0131nda Tango<\/strong><\/p>\n<p>Tango, T\u00fcrkiye\u2019ye 1920\u2019lerin sonu ve 30\u2019lar\u0131n ba\u015f\u0131nda, Cumhuriyet\u2019in modernle\u015fme idealiyle birlikte girdi. O d\u00f6nem \u0130stanbul\u2019da Avrupa m\u00fczi\u011fi dinleyen, salonlarda dans eden bir burjuva s\u0131n\u0131f\u0131 geli\u015fiyordu.<br \/>Radyo yay\u0131nlar\u0131 ve plaklar, tango m\u00fczi\u011fini daha geni\u015f kitlelere ta\u015f\u0131d\u0131.<br \/>M\u00fczikallerde, gazinolarda ve balolarda tango eserleri yer almaya ba\u015flad\u0131.<\/p>\n<p><strong>Seyyan Han\u0131m ve <\/strong><strong>\u0130<\/strong><strong>lk T\u00fcrk\u00e7e Tango<\/strong><\/p>\n<p>T\u00fcrkiye\u2019nin ilk kad\u0131n tango seslerinden biri olan Seyyan Oskay, 1930 y\u0131l\u0131nda seslendirdi\u011fi \u201cMazi Kalbimde Bir Yarad\u0131r\u201d adl\u0131 tango ile b\u00fcy\u00fck \u00fcn kazand\u0131. Bu par\u00e7a, T\u00fcrkiye\u2019de tango m\u00fczi\u011finin d\u00f6n\u00fcm noktalar\u0131ndan biri kabul edilir.<br \/>Ard\u0131ndan gelen di\u011fer \u00f6nemli sesler: Safiye Ayla, Hamiyet Y\u00fcceses, Zeki M\u00fcren (tango formunu farkl\u0131 m\u00fczik t\u00fcrleriyle harmanlam\u0131\u015ft\u0131r)<\/p>\n<p><strong>T\u00fcrk Tangosunun \u00d6zellikleri<\/strong><\/p>\n<ul>\n<li><strong>Arjantin tangosuna g\u00f6re daha lirik ve duygusal yap\u0131dad\u0131r.<\/strong><\/li>\n<li><strong>\u015e<\/strong><strong>ark\u0131 s\u00f6zleri \u00e7o<\/strong><strong>\u011f<\/strong><strong>unlukla a<\/strong><strong>\u015f<\/strong><strong>k, ayr\u0131l\u0131k ve ge\u00e7mi<\/strong><strong>\u015f<\/strong><strong> \u00f6zlemi \u00fczerinedir.<\/strong><\/li>\n<li><strong>Melodi yap\u0131s\u0131 bazen T\u00fcrk m\u00fczi<\/strong><strong>\u011f<\/strong><strong>i motifleriyle zenginle<\/strong><strong>\u015f<\/strong><strong>tirilmi<\/strong><strong>\u015f<\/strong><\/li>\n<\/ul>\n<p><strong>G\u00fcn\u00fcm\u00fczde T\u00fcrkiye\u2019de Tango M\u00fczi<\/strong><strong>\u011f<\/strong><strong>i<\/strong><\/p>\n<p><strong>2000\u2019li y\u0131llardan itibaren tango m\u00fczi<\/strong><strong>\u011f<\/strong><strong>i ve dans\u0131 T\u00fcrkiye\u2019de yeniden y\u00fckseli<\/strong><strong>\u015f<\/strong><strong>e ge\u00e7ti. \u00d6zellikle <\/strong><strong>\u0130<\/strong><strong>stanbul, <\/strong><strong>\u0130<\/strong><strong>zmir ve Ankara gibi <\/strong><strong>\u015f<\/strong><strong>ehirlerde d\u00fczenli milongalar, festivaller ve konserler yap\u0131lmaktad\u0131r.<br \/>Tango DJ\u2019leri hem klasik Arjantin repertuar\u0131n\u0131 hem de T\u00fcrk tangolar\u0131n\u0131 milongalarda bir araya getiriyor. T\u00fcrkiye\u2019deki baz\u0131 DJ\u2019ler, kendi se\u00e7kileriyle uluslararas\u0131 etkinliklerde de yer buluyor.<br \/>Canl\u0131 performans gruplar\u0131, yerli bestecilerin eserlerini yeniden yorumlayarak sahnelerde tango m\u00fczi<\/strong><strong>\u011f<\/strong><strong>ini ya<\/strong><strong>\u015f<\/strong><strong>at\u0131yor.<\/strong><\/p>\n<p><strong>TangoTurkRadio ve Dijital Yay\u0131nc\u0131l\u0131k<\/strong><\/p>\n<p>Tango m\u00fczi\u011finin T\u00fcrkiye\u2019de 7\/24 eri\u015filebilir olmas\u0131n\u0131 sa\u011flayan platformlardan biri de TangoTurkRadio\u2019dur. Yerli ve yabanc\u0131 DJ\u2019lerin se\u00e7kileriyle hem Arjantin tango tarihini hem T\u00fcrk tango miras\u0131n\u0131 ya\u015fatmay\u0131 ama\u00e7lamaktad\u0131r.<\/p>\n<p><strong>T\u00fcrkiye\u2019de Tango M\u00fczi<\/strong><strong>\u011f<\/strong><strong>i K\u0131saca:<\/strong><\/p>\n<ul>\n<li><strong>1930\u2019lardan beri k\u00fclt\u00fcrel bir zemin buldu<\/strong><\/li>\n<li><strong>T\u00fcrk\u00e7eye uyum sa<\/strong><strong>\u011f<\/strong><strong>lam\u0131<\/strong><strong>\u015f<\/strong><strong> s\u00f6zl\u00fc eserler \u00fcretildi<\/strong><\/li>\n<li><strong>Modern d\u00f6nemle birlikte yeniden y\u00fckseli<\/strong><strong>\u015f<\/strong><strong>e ge\u00e7ti<\/strong><\/li>\n<li><strong>Hem dans pistlerinde hem dijital platformlarda aktif hale geldi<\/strong><\/li>\n<\/ul>\n<\/div><span class=\"fusion-imageframe imageframe-none imageframe-4 hover-type-none\"><img loading=\"lazy\" decoding=\"async\" src=\"https:\/\/www.tangoturkradio.com\/wp-content\/uploads\/2025\/05\/19.png\" width=\"2176\" height=\"1063\" alt=\"\" title=\"19\" class=\"img-responsive wp-image-4805\" srcset=\"https:\/\/www.tangoturkradio.com\/wp-content\/uploads\/2025\/05\/19-200x98.png 200w, https:\/\/www.tangoturkradio.com\/wp-content\/uploads\/2025\/05\/19-400x195.png 400w, https:\/\/www.tangoturkradio.com\/wp-content\/uploads\/2025\/05\/19-600x293.png 600w, https:\/\/www.tangoturkradio.com\/wp-content\/uploads\/2025\/05\/19-800x391.png 800w, https:\/\/www.tangoturkradio.com\/wp-content\/uploads\/2025\/05\/19-1200x586.png 1200w, https:\/\/www.tangoturkradio.com\/wp-content\/uploads\/2025\/05\/19.png 2176w\" sizes=\"auto, (max-width: 800px) 100vw, 800px\" \/><\/span><div class=\"fusion-sep-clear\"><\/div><div class=\"fusion-separator fusion-full-width-sep sep-shadow\" style=\"background:radial-gradient(ellipse at 50% -50% , #edab07 0px, rgba(255, 255, 255, 0) 80%) repeat scroll 0 0 rgba(0, 0, 0, 0);background:-webkit-radial-gradient(ellipse at 50% -50% , #edab07 0px, rgba(255, 255, 255, 0) 80%) repeat scroll 0 0 rgba(0, 0, 0, 0);background:-moz-radial-gradient(ellipse at 50% -50% , #edab07 0px, rgba(255, 255, 255, 0) 80%) repeat scroll 0 0 rgba(0, 0, 0, 0);background:-o-radial-gradient(ellipse at 50% -50% , #edab07 0px, rgba(255, 255, 255, 0) 80%) repeat scroll 0 0 rgba(0, 0, 0, 0);margin-left: auto;margin-right: auto;margin-top:20px;margin-bottom:20px;\"><\/div><div class=\"fusion-text\"><p><strong>Tango DJ\u2019li<\/strong><strong>\u011f<\/strong><strong>i: M\u00fczikal Bir Yolculuk ve Atmosferi Yaratma Sanat\u0131<\/strong><\/p>\n<p>Tango DJ\u2019li\u011fi, sadece bir m\u00fczik \u00e7alma i\u015finden \u00e7ok daha fazlas\u0131d\u0131r. Bu, dans\u00e7\u0131lar\u0131n ruhunu okuma, gece boyunca do\u011fru ak\u0131\u015f\u0131 yaratma ve tango m\u00fczi\u011fi ile etkileyici bir atmosfer olu\u015fturma sanat\u0131d\u0131r. Tango DJ&#8217;leri, bir geceyi \u015fekillendiren, ritmi y\u00f6nlendiren ve farkl\u0131 duygusal tonlar\u0131 dengeleyen sanat\u00e7\u0131lard\u0131r.<\/p>\n<p><strong>Tango DJ&#8217;inin Rol\u00fc ve Sorumluluklar\u0131<\/strong><\/p>\n<p>Bir tango DJ\u2019i, geleneksel tangolar\u0131 modern seslerle harmanlayarak dinleyiciyi ve dans\u00e7\u0131lar\u0131 b\u00fcy\u00fcler. DJ&#8217;lerin g\u00f6revleri sadece m\u00fczik se\u00e7mekle s\u0131n\u0131rl\u0131 de\u011fildir. Ayn\u0131 zamanda:<br \/>Tanda Ak\u0131\u015f\u0131n\u0131 Y\u00f6netmek: <br \/>DJ\u2019ler, her tanda (genellikle d\u00f6rt par\u00e7a) aras\u0131nda do\u011fru ge\u00e7i\u015fleri yaparak bir ak\u0131\u015f yarat\u0131rlar. Tanda, belirli bir temaya sahip (\u00f6rne\u011fin, vals, milonga, tango) d\u00f6rt par\u00e7adan olu\u015fur ve dans\u00e7\u0131lar i\u00e7in bir atmosfer olu\u015fturur.<\/p>\n<p><strong>Duygusal Denetim:<\/strong><br \/>Tango DJ\u2019i, gece boyunca dinleyicilerin ruh halini anlayarak m\u00fczi\u011fi buna g\u00f6re se\u00e7er. Melankolik bir tanda ile duygusal bir yo\u011funluk yaratabilirken, enerjik bir tanda ile atmosferi canland\u0131rabilir.<\/p>\n<p><strong>Dijital Se\u00e7kiler ve Analiz:<\/strong><br \/>Modern tango DJ&#8217;leri, dijital ar\u015fivler \u00fczerinden geni\u015f bir repertuara sahiptir. DJ\u2019ler, vinil gibi analog formatlardan dijital se\u00e7kilere kadar pek \u00e7ok farkl\u0131 medya arac\u0131n\u0131 kullanabilirler.<\/p>\n<p><strong>Tango DJ&#8217;inin Se\u00e7im Yapma S\u00fcreci<\/strong><br \/>Bir tango DJ\u2019i, farkl\u0131 d\u00f6nemlerden ve orkestralardan gelen tangolar\u0131 se\u00e7erek, tanda yap\u0131s\u0131n\u0131 kurar. Se\u00e7imler genellikle a\u015fa\u011f\u0131daki kriterlere dayan\u0131r:<\/p>\n<p>D\u00f6nem ve Orkestra:<br \/>Klasik Tango (Carlos Di Sarli, Juan D\u2019Arienzo, Osvaldo Pugliese, vb.)<br \/>Tango Nuevo (Astor Piazzolla gibi modern yorumlarla)<br \/>Alternatif ve Elektronik Tango (Gotan Project, Otros Aires gibi gruplar)<\/p>\n<p><strong>Melodi ve Ritm:<\/strong><br \/>Tango m\u00fczi\u011fi, melodik yap\u0131s\u0131n\u0131n yan\u0131 s\u0131ra, ritmik \u00e7e\u015fitlilik sunar. DJ\u2019ler, her dans\u00e7\u0131ya uygun duygusal bir ba\u011flant\u0131 kurabilmek i\u00e7in, tempo ve ritm uyumuna dikkat eder.<\/p>\n<p><strong>\u00c7e<\/strong><strong>\u015f<\/strong><strong>itlilik ve Ak\u0131<\/strong><strong>\u015f<\/strong><strong>:<\/strong><br \/>Bir gece boyunca farkl\u0131 duygular ve enerji seviyeleri dengelenir. DJ, s\u0131ras\u0131yla sakin, duygusal, enerjik ve h\u0131zl\u0131 tandalarla geceyi y\u00f6nlendirir.<\/p>\n<\/div><div class=\"fusion-clearfix\"><\/div><\/div><\/div><\/div><\/div><style type=\"text\/css\">.fusion-fullwidth.fusion-builder-row-3 a:not(.fusion-button):not(.fusion-builder-module-control):not(.fusion-social-network-icon):not(.fb-icon-element):not(.fusion-countdown-link):not(.fusion-rollover-link):not(.fusion-rollover-gallery):not(.fusion-button-bar):not(.add_to_cart_button):not(.show_details_button):not(.product_type_external):not(.fusion-quick-view):not(.fusion-rollover-title-link):not(.fusion-breadcrumb-link) , .fusion-fullwidth.fusion-builder-row-3 a:not(.fusion-button):not(.fusion-builder-module-control):not(.fusion-social-network-icon):not(.fb-icon-element):not(.fusion-countdown-link):not(.fusion-rollover-link):not(.fusion-rollover-gallery):not(.fusion-button-bar):not(.add_to_cart_button):not(.show_details_button):not(.product_type_external):not(.fusion-quick-view):not(.fusion-rollover-title-link):not(.fusion-breadcrumb-link):before, .fusion-fullwidth.fusion-builder-row-3 a:not(.fusion-button):not(.fusion-builder-module-control):not(.fusion-social-network-icon):not(.fb-icon-element):not(.fusion-countdown-link):not(.fusion-rollover-link):not(.fusion-rollover-gallery):not(.fusion-button-bar):not(.add_to_cart_button):not(.show_details_button):not(.product_type_external):not(.fusion-quick-view):not(.fusion-rollover-title-link):not(.fusion-breadcrumb-link):after {color: #bc2b29;}.fusion-fullwidth.fusion-builder-row-3 a:not(.fusion-button):not(.fusion-builder-module-control):not(.fusion-social-network-icon):not(.fb-icon-element):not(.fusion-countdown-link):not(.fusion-rollover-link):not(.fusion-rollover-gallery):not(.fusion-button-bar):not(.add_to_cart_button):not(.show_details_button):not(.product_type_external):not(.fusion-quick-view):not(.fusion-rollover-title-link):not(.fusion-breadcrumb-link):hover, .fusion-fullwidth.fusion-builder-row-3 a:not(.fusion-button):not(.fusion-builder-module-control):not(.fusion-social-network-icon):not(.fb-icon-element):not(.fusion-countdown-link):not(.fusion-rollover-link):not(.fusion-rollover-gallery):not(.fusion-button-bar):not(.add_to_cart_button):not(.show_details_button):not(.product_type_external):not(.fusion-quick-view):not(.fusion-rollover-title-link):not(.fusion-breadcrumb-link):hover:before, .fusion-fullwidth.fusion-builder-row-3 a:not(.fusion-button):not(.fusion-builder-module-control):not(.fusion-social-network-icon):not(.fb-icon-element):not(.fusion-countdown-link):not(.fusion-rollover-link):not(.fusion-rollover-gallery):not(.fusion-button-bar):not(.add_to_cart_button):not(.show_details_button):not(.product_type_external):not(.fusion-quick-view):not(.fusion-rollover-title-link):not(.fusion-breadcrumb-link):hover:after {color: #ebbe50;}.fusion-fullwidth.fusion-builder-row-3 .pagination a.inactive:hover, .fusion-fullwidth.fusion-builder-row-3 .fusion-filters .fusion-filter.fusion-active a {border-color: #ebbe50;}.fusion-fullwidth.fusion-builder-row-3 .pagination .current {border-color: #ebbe50; background-color: #ebbe50;}.fusion-fullwidth.fusion-builder-row-3 .fusion-filters .fusion-filter.fusion-active a, .fusion-fullwidth.fusion-builder-row-3 .fusion-date-and-formats .fusion-format-box, .fusion-fullwidth.fusion-builder-row-3 .fusion-popover, .fusion-fullwidth.fusion-builder-row-3 .tooltip-shortcode {color: #ebbe50;}#main .fusion-fullwidth.fusion-builder-row-3 .post .blog-shortcode-post-title a:hover {color: #ebbe50;}<\/style><div class=\"fusion-fullwidth fullwidth-box fusion-builder-row-4 nonhundred-percent-fullwidth non-hundred-percent-height-scrolling\"  style='background-color: #000000;background-position: center center;background-repeat: no-repeat;padding-top:0px;padding-right:0px;padding-bottom:0px;padding-left:0px;'><div class=\"fusion-builder-row fusion-row \"><div  class=\"fusion-layout-column fusion_builder_column fusion_builder_column_1_1 fusion-builder-column-4 fusion-one-full fusion-column-first fusion-column-last 1_1\"  style='margin-top:0px;margin-bottom:0px;'><div class=\"fusion-column-wrapper\" style=\"padding: 0px 0px 0px 0px;background-position:left top;background-repeat:no-repeat;-webkit-background-size:cover;-moz-background-size:cover;-o-background-size:cover;background-size:cover;\"   data-bg-url=\"\"><div class=\"fusion-sep-clear\"><\/div><div class=\"fusion-separator fusion-full-width-sep sep-shadow\" style=\"background:radial-gradient(ellipse at 50% -50% , #edab07 0px, rgba(255, 255, 255, 0) 80%) repeat scroll 0 0 rgba(0, 0, 0, 0);background:-webkit-radial-gradient(ellipse at 50% -50% , #edab07 0px, rgba(255, 255, 255, 0) 80%) repeat scroll 0 0 rgba(0, 0, 0, 0);background:-moz-radial-gradient(ellipse at 50% -50% , #edab07 0px, rgba(255, 255, 255, 0) 80%) repeat scroll 0 0 rgba(0, 0, 0, 0);background:-o-radial-gradient(ellipse at 50% -50% , #edab07 0px, rgba(255, 255, 255, 0) 80%) repeat scroll 0 0 rgba(0, 0, 0, 0);margin-left: auto;margin-right: auto;margin-top:20px;margin-bottom:20px;\"><\/div><div class=\"fusion-clearfix\"><\/div><\/div><\/div><\/div><\/div><style type=\"text\/css\">.fusion-fullwidth.fusion-builder-row-4 a:not(.fusion-button):not(.fusion-builder-module-control):not(.fusion-social-network-icon):not(.fb-icon-element):not(.fusion-countdown-link):not(.fusion-rollover-link):not(.fusion-rollover-gallery):not(.fusion-button-bar):not(.add_to_cart_button):not(.show_details_button):not(.product_type_external):not(.fusion-quick-view):not(.fusion-rollover-title-link):not(.fusion-breadcrumb-link) , .fusion-fullwidth.fusion-builder-row-4 a:not(.fusion-button):not(.fusion-builder-module-control):not(.fusion-social-network-icon):not(.fb-icon-element):not(.fusion-countdown-link):not(.fusion-rollover-link):not(.fusion-rollover-gallery):not(.fusion-button-bar):not(.add_to_cart_button):not(.show_details_button):not(.product_type_external):not(.fusion-quick-view):not(.fusion-rollover-title-link):not(.fusion-breadcrumb-link):before, .fusion-fullwidth.fusion-builder-row-4 a:not(.fusion-button):not(.fusion-builder-module-control):not(.fusion-social-network-icon):not(.fb-icon-element):not(.fusion-countdown-link):not(.fusion-rollover-link):not(.fusion-rollover-gallery):not(.fusion-button-bar):not(.add_to_cart_button):not(.show_details_button):not(.product_type_external):not(.fusion-quick-view):not(.fusion-rollover-title-link):not(.fusion-breadcrumb-link):after {color: #bc2b29;}.fusion-fullwidth.fusion-builder-row-4 a:not(.fusion-button):not(.fusion-builder-module-control):not(.fusion-social-network-icon):not(.fb-icon-element):not(.fusion-countdown-link):not(.fusion-rollover-link):not(.fusion-rollover-gallery):not(.fusion-button-bar):not(.add_to_cart_button):not(.show_details_button):not(.product_type_external):not(.fusion-quick-view):not(.fusion-rollover-title-link):not(.fusion-breadcrumb-link):hover, .fusion-fullwidth.fusion-builder-row-4 a:not(.fusion-button):not(.fusion-builder-module-control):not(.fusion-social-network-icon):not(.fb-icon-element):not(.fusion-countdown-link):not(.fusion-rollover-link):not(.fusion-rollover-gallery):not(.fusion-button-bar):not(.add_to_cart_button):not(.show_details_button):not(.product_type_external):not(.fusion-quick-view):not(.fusion-rollover-title-link):not(.fusion-breadcrumb-link):hover:before, .fusion-fullwidth.fusion-builder-row-4 a:not(.fusion-button):not(.fusion-builder-module-control):not(.fusion-social-network-icon):not(.fb-icon-element):not(.fusion-countdown-link):not(.fusion-rollover-link):not(.fusion-rollover-gallery):not(.fusion-button-bar):not(.add_to_cart_button):not(.show_details_button):not(.product_type_external):not(.fusion-quick-view):not(.fusion-rollover-title-link):not(.fusion-breadcrumb-link):hover:after {color: #ebbe50;}.fusion-fullwidth.fusion-builder-row-4 .pagination a.inactive:hover, .fusion-fullwidth.fusion-builder-row-4 .fusion-filters .fusion-filter.fusion-active a {border-color: #ebbe50;}.fusion-fullwidth.fusion-builder-row-4 .pagination .current {border-color: #ebbe50; background-color: #ebbe50;}.fusion-fullwidth.fusion-builder-row-4 .fusion-filters .fusion-filter.fusion-active a, .fusion-fullwidth.fusion-builder-row-4 .fusion-date-and-formats .fusion-format-box, .fusion-fullwidth.fusion-builder-row-4 .fusion-popover, .fusion-fullwidth.fusion-builder-row-4 .tooltip-shortcode {color: #ebbe50;}#main .fusion-fullwidth.fusion-builder-row-4 .post .blog-shortcode-post-title a:hover {color: #ebbe50;}<\/style><div class=\"fusion-fullwidth fullwidth-box fusion-builder-row-5 nonhundred-percent-fullwidth non-hundred-percent-height-scrolling\"  style='background-color: #000000;background-position: center center;background-repeat: no-repeat;padding-top:0px;padding-right:0px;padding-bottom:0px;padding-left:0px;'><div class=\"fusion-builder-row fusion-row \"><div  class=\"fusion-layout-column fusion_builder_column fusion_builder_column_1_1 fusion-builder-column-5 fusion-one-full fusion-column-first fusion-column-last 1_1\"  style='margin-top:0px;margin-bottom:0px;'><div class=\"fusion-column-wrapper\" style=\"padding: 0px 0px 0px 0px;background-position:left top;background-repeat:no-repeat;-webkit-background-size:cover;-moz-background-size:cover;-o-background-size:cover;background-size:cover;\"   data-bg-url=\"\"><div class=\"fusion-text\"><h2 style=\"text-align: center;\">&#8220;Tango M\u00fczi\u011finin Tarihsel S\u00fcreci ve T\u00fcrkiye\u2019de Tango M\u00fczi\u011fine Genel Bir Bak\u0131\u015f&#8221;<br \/>\nBahar Sar\u0131bo\u011fa<\/h2>\n<\/div><div class=\"fusion-clearfix\"><\/div><\/div><\/div><\/div><\/div><style type=\"text\/css\">.fusion-fullwidth.fusion-builder-row-5 a:not(.fusion-button):not(.fusion-builder-module-control):not(.fusion-social-network-icon):not(.fb-icon-element):not(.fusion-countdown-link):not(.fusion-rollover-link):not(.fusion-rollover-gallery):not(.fusion-button-bar):not(.add_to_cart_button):not(.show_details_button):not(.product_type_external):not(.fusion-quick-view):not(.fusion-rollover-title-link):not(.fusion-breadcrumb-link) , .fusion-fullwidth.fusion-builder-row-5 a:not(.fusion-button):not(.fusion-builder-module-control):not(.fusion-social-network-icon):not(.fb-icon-element):not(.fusion-countdown-link):not(.fusion-rollover-link):not(.fusion-rollover-gallery):not(.fusion-button-bar):not(.add_to_cart_button):not(.show_details_button):not(.product_type_external):not(.fusion-quick-view):not(.fusion-rollover-title-link):not(.fusion-breadcrumb-link):before, .fusion-fullwidth.fusion-builder-row-5 a:not(.fusion-button):not(.fusion-builder-module-control):not(.fusion-social-network-icon):not(.fb-icon-element):not(.fusion-countdown-link):not(.fusion-rollover-link):not(.fusion-rollover-gallery):not(.fusion-button-bar):not(.add_to_cart_button):not(.show_details_button):not(.product_type_external):not(.fusion-quick-view):not(.fusion-rollover-title-link):not(.fusion-breadcrumb-link):after {color: #bc2b29;}.fusion-fullwidth.fusion-builder-row-5 a:not(.fusion-button):not(.fusion-builder-module-control):not(.fusion-social-network-icon):not(.fb-icon-element):not(.fusion-countdown-link):not(.fusion-rollover-link):not(.fusion-rollover-gallery):not(.fusion-button-bar):not(.add_to_cart_button):not(.show_details_button):not(.product_type_external):not(.fusion-quick-view):not(.fusion-rollover-title-link):not(.fusion-breadcrumb-link):hover, .fusion-fullwidth.fusion-builder-row-5 a:not(.fusion-button):not(.fusion-builder-module-control):not(.fusion-social-network-icon):not(.fb-icon-element):not(.fusion-countdown-link):not(.fusion-rollover-link):not(.fusion-rollover-gallery):not(.fusion-button-bar):not(.add_to_cart_button):not(.show_details_button):not(.product_type_external):not(.fusion-quick-view):not(.fusion-rollover-title-link):not(.fusion-breadcrumb-link):hover:before, .fusion-fullwidth.fusion-builder-row-5 a:not(.fusion-button):not(.fusion-builder-module-control):not(.fusion-social-network-icon):not(.fb-icon-element):not(.fusion-countdown-link):not(.fusion-rollover-link):not(.fusion-rollover-gallery):not(.fusion-button-bar):not(.add_to_cart_button):not(.show_details_button):not(.product_type_external):not(.fusion-quick-view):not(.fusion-rollover-title-link):not(.fusion-breadcrumb-link):hover:after {color: #ebbe50;}.fusion-fullwidth.fusion-builder-row-5 .pagination a.inactive:hover, .fusion-fullwidth.fusion-builder-row-5 .fusion-filters .fusion-filter.fusion-active a {border-color: #ebbe50;}.fusion-fullwidth.fusion-builder-row-5 .pagination .current {border-color: #ebbe50; background-color: #ebbe50;}.fusion-fullwidth.fusion-builder-row-5 .fusion-filters .fusion-filter.fusion-active a, .fusion-fullwidth.fusion-builder-row-5 .fusion-date-and-formats .fusion-format-box, .fusion-fullwidth.fusion-builder-row-5 .fusion-popover, .fusion-fullwidth.fusion-builder-row-5 .tooltip-shortcode {color: #ebbe50;}#main .fusion-fullwidth.fusion-builder-row-5 .post .blog-shortcode-post-title a:hover {color: #ebbe50;}<\/style><div class=\"fusion-fullwidth fullwidth-box fusion-builder-row-6 nonhundred-percent-fullwidth non-hundred-percent-height-scrolling\"  style='background-color: #000000;background-position: center center;background-repeat: no-repeat;padding-top:22px;padding-right:0px;padding-bottom:0px;padding-left:20px;'><div class=\"fusion-builder-row fusion-row \"><div  class=\"fusion-layout-column fusion_builder_column fusion_builder_column_1_2 fusion-builder-column-6 fusion-one-half fusion-column-first 1_2\"  style='margin-top:0px;margin-bottom:0px;width:50%;width:calc(50% - ( ( 4% ) * 0.5 ) );margin-right: 4%;'><div class=\"fusion-column-wrapper\" style=\"padding: 0px 0px 0px 0px;background-position:left top;background-repeat:no-repeat;-webkit-background-size:cover;-moz-background-size:cover;-o-background-size:cover;background-size:cover;\"   data-bg-url=\"\"><div class=\"fusion-text\"><p><span style=\"color: var(--body_typography-color); font-family: var(--body_typography-font-family); font-size: var(--body_typography-font-size); font-style: var(--body_typography-font-style,normal); font-weight: var(--body_typography-font-weight); letter-spacing: var(--body_typography-letter-spacing);\">Tango M\u00fczi\u011fi ile ilgili Ordu \u00dcniversitesi Sosyal Bilimler Ara\u015ft\u0131rmalar\u0131 Dergisi&#8217;nin Temmuz 2019 say\u0131s\u0131nda yay\u0131nlanm\u0131\u015f olan <\/span><span style=\"color: var(--body_typography-color); font-family: var(--body_typography-font-family); font-size: var(--body_typography-font-size); font-style: var(--body_typography-font-style,normal); font-weight: var(--body_typography-font-weight); letter-spacing: var(--body_typography-letter-spacing);\">Bahar Sar\u0131bo\u011fa&#8217;n\u0131n \u00e7al\u0131\u015fmas\u0131 &#8220;Tango M\u00fczi\u011finin Tarihsel S\u00fcreci ve T\u00fcrkiye\u2019de Tango M\u00fczi\u011fine Genel Bir Bak\u0131\u015f&#8221; farkl\u0131 kaynaklardan <\/span><span style=\"color: var(--body_typography-color); font-family: var(--body_typography-font-family); font-size: var(--body_typography-font-size); font-style: var(--body_typography-font-style,normal); font-weight: var(--body_typography-font-weight); letter-spacing: var(--body_typography-letter-spacing);\">faydalan\u0131lm\u0131\u015f \u00e7ok de\u011ferli bir akademik \u00e7al\u0131\u015fma&#8230; Sizlerle \u00e7al\u0131\u015fmas\u0131n\u0131n T\u00fcrk\u00e7e k\u0131sm\u0131n\u0131 payla\u015fmak istiyoruz.<\/span><\/p>\n<p><b style=\"font-size: 25px;\" data-fusion-font=\"true\">Tango M\u00fczi\u011finin Tarihsel S\u00fcreci <\/b><\/p>\n<p><span style=\"color: var(--body_typography-color); font-family: var(--body_typography-font-family); font-size: var(--body_typography-font-size); font-style: var(--body_typography-font-style,normal); font-weight: var(--body_typography-font-weight); letter-spacing: var(--body_typography-letter-spacing);\">Tango, 1800\u2019l\u00fc y\u0131llar\u0131n ortalar\u0131nda Arjantin\u2019in Buenos Aires kentinin sokaklar\u0131nda ortaya \u00e7\u0131km\u0131\u015f, 1900\u2019l\u00fc y\u0131llarda ise <\/span><span style=\"color: var(--body_typography-color); font-family: var(--body_typography-font-family); font-size: var(--body_typography-font-size); font-style: var(--body_typography-font-style,normal); font-weight: var(--body_typography-font-weight); letter-spacing: var(--body_typography-letter-spacing);\">Avrupa\u2019ya ve t\u00fcm d\u00fcnyaya yay\u0131larak geli\u015fimini s\u00fcrd\u00fcrm\u00fc\u015ft\u00fcr. Tango, duygular\u0131n beden dili ve m\u00fczik ile ifade edilen bir <\/span><span style=\"color: var(--body_typography-color); font-family: var(--body_typography-font-family); font-size: var(--body_typography-font-size); font-style: var(--body_typography-font-style,normal); font-weight: var(--body_typography-font-weight); letter-spacing: var(--body_typography-letter-spacing);\">bi\u00e7imidir. Tango, \u00f6ncelikle bir danst\u0131r ve i\u00e7eri\u011finde m\u00fczi\u011fi, edebiyat\u0131 ve bir\u00e7ok k\u00fclt\u00fcrel \u00f6\u011feyi bar\u0131nd\u0131rmaktad\u0131r.<\/span><\/p>\n<p><span style=\"color: var(--body_typography-color); font-family: var(--body_typography-font-family); font-size: var(--body_typography-font-size); font-style: var(--body_typography-font-style,normal); font-weight: var(--body_typography-font-weight); letter-spacing: var(--body_typography-letter-spacing);\">Savigliano\u2019ya g\u00f6re tango, \u201cdramatik (dans, m\u00fczik, \u015fark\u0131 s\u00f6zleri ve g\u00f6steri) bir anlat\u0131md\u0131r\u201d (2004: 37).<br \/>\n<\/span><span style=\"color: var(--body_typography-color); font-family: var(--body_typography-font-family); font-size: var(--body_typography-font-size); font-style: var(--body_typography-font-style,normal); font-weight: var(--body_typography-font-weight); letter-spacing: var(--body_typography-letter-spacing);\">Ayd\u0131no\u011flu\u2019na g\u00f6re tango, \u201cAfrika ve Avrupa\u2019ya dayanan danslar\u0131n Arjantin\u2019e ta\u015f\u0131narak yerel dans ve k\u00fclt\u00fcrlerle <\/span><span style=\"color: var(--body_typography-color); font-family: var(--body_typography-font-family); font-size: var(--body_typography-font-size); font-style: var(--body_typography-font-style,normal); font-weight: var(--body_typography-font-weight); letter-spacing: var(--body_typography-letter-spacing);\">etkile\u015fiminden ortaya \u00e7\u0131km\u0131\u015f bir k\u00fclt\u00fcr \u00f6\u011fesidir. Ge\u00e7mi\u015ften ta\u015f\u0131d\u0131\u011f\u0131 birikimi ile birlikte k\u00fclt\u00fcrel bir olgu haline gelmi\u015ftir.<\/span><span style=\"color: var(--body_typography-color); font-family: var(--body_typography-font-family); font-size: var(--body_typography-font-size); font-style: var(--body_typography-font-style,normal); font-weight: var(--body_typography-font-weight); letter-spacing: var(--body_typography-letter-spacing);\">Her ne kadar Arjantin k\u00f6kenli olsa da bug\u00fcn art\u0131k d\u00fcnyada mal olmu\u015f bir ya\u015fam bi\u00e7imidir\u201d (2011: 1).<br \/>\n<\/span><span style=\"color: var(--body_typography-color); font-family: var(--body_typography-font-family); font-size: var(--body_typography-font-size); font-style: var(--body_typography-font-style,normal); font-weight: var(--body_typography-font-weight); letter-spacing: var(--body_typography-letter-spacing);\">Akg\u00fcn\u2019e g\u00f6re, <\/span><span style=\"color: var(--body_typography-color); font-family: var(--body_typography-font-family); font-size: var(--body_typography-font-size); font-style: var(--body_typography-font-style,normal); font-weight: var(--body_typography-font-weight); letter-spacing: var(--body_typography-letter-spacing);\">\u201ctango sosyal bir \u00fcr\u00fcnd\u00fcr. Do\u011fdu\u011fu toplumla \u00f6zde\u015fle\u015fmi\u015f, onun yazg\u0131s\u0131n\u0131 payla\u015fm\u0131\u015ft\u0131r. Tangonun parlak d\u00f6nemleri, <\/span><span style=\"color: var(--body_typography-color); font-family: var(--body_typography-font-family); font-size: var(--body_typography-font-size); font-style: var(--body_typography-font-style,normal); font-weight: var(--body_typography-font-weight); letter-spacing: var(--body_typography-letter-spacing);\">duraklama ve gerilemeleri, tekrar canlanmalar\u0131 hep siyasal ya\u015fam\u0131n, ona ba\u011fl\u0131 olarak da k\u00fclt\u00fcr\u00fcn paralelinde geli\u015fmi\u015ftir\u201d <\/span><span style=\"color: var(--body_typography-color); font-family: var(--body_typography-font-family); font-size: var(--body_typography-font-size); font-style: var(--body_typography-font-style,normal); font-weight: var(--body_typography-font-weight); letter-spacing: var(--body_typography-letter-spacing);\">(1993: 1).<\/span><\/p>\n<p>Tango kelimesinin etimolojik k\u00f6kenine ili\u015fkin baz\u0131 bilgeler mevcuttur. Ancak bu bilgilerde farkl\u0131 g\u00f6r\u00fc\u015fler ve yorumlar <span style=\"color: var(--body_typography-color); font-family: var(--body_typography-font-family); font-size: var(--body_typography-font-size); font-style: var(--body_typography-font-style,normal); font-weight: var(--body_typography-font-weight); letter-spacing: var(--body_typography-letter-spacing);\">h\u00e2kimdir. \u201cTango kelimesi tambodan gelir. Tambo, \u00f6zg\u00fcr b\u0131rak\u0131lm\u0131\u015f siyahlar\u0131n on dokuzuncu y\u00fczy\u0131lda Rio De la Plata\u2019da <\/span><span style=\"color: var(--body_typography-color); font-family: var(--body_typography-font-family); font-size: var(--body_typography-font-size); font-style: var(--body_typography-font-style,normal); font-weight: var(--body_typography-font-weight); letter-spacing: var(--body_typography-letter-spacing);\">bulu\u015ftuklar\u0131 yerlerdir\u201d (Savigliano, 2004: 246). \u201cTango s\u00f6zc\u00fc\u011f\u00fc \u0130spanyolca dilinde 1803\u2019ten beri mevcuttur ve a\u015f\u0131k kemi\u011fi <\/span><span style=\"color: var(--body_typography-color); font-family: var(--body_typography-font-family); font-size: var(--body_typography-font-size); font-style: var(--body_typography-font-style,normal); font-weight: var(--body_typography-font-weight); letter-spacing: var(--body_typography-letter-spacing);\">anlam\u0131na gelir. Horacio Salas\u2019a g\u00f6re tango, muhtemelen Portekiz k\u00f6kenli bir s\u00f6zc\u00fckt\u00fcr ve Amerika\u2019ya Sao Tome\u2019de <\/span><span style=\"color: var(--body_typography-color); font-family: var(--body_typography-font-family); font-size: var(--body_typography-font-size); font-style: var(--body_typography-font-style,normal); font-weight: var(--body_typography-font-weight); letter-spacing: var(--body_typography-letter-spacing);\">konu\u015fulan Afro-Portekiz kreolu arac\u0131l\u0131\u011f\u0131yla girmi\u015f, K\u00fcba\u2019da dola\u015ft\u0131ktan sonra da \u0130spanya\u2019ya ula\u015fm\u0131\u015ft\u0131r\u201d (akt. Hess, 2007:<\/span><span style=\"color: var(--body_typography-color); font-family: var(--body_typography-font-family); font-size: var(--body_typography-font-size); font-style: var(--body_typography-font-style,normal); font-weight: var(--body_typography-font-weight); letter-spacing: var(--body_typography-letter-spacing);\">10, 11).<\/span><\/p>\n<p>\u201cTango kelimesinin Afrika k\u00f6kenli oldu\u011fu g\u00f6r\u00fc\u015f\u00fc h\u00e2kimdir. Afrika\u2019da (Angola<span style=\"color: var(--body_typography-color); font-family: var(--body_typography-font-family); font-size: var(--body_typography-font-size); font-style: var(--body_typography-font-style,normal); font-weight: var(--body_typography-font-weight); letter-spacing: var(--body_typography-letter-spacing);\">ve Mali) tango olarak baz\u0131 yer isimleri mevcuttur. Ayn\u0131 zamanda siyahi <\/span><span style=\"color: var(--body_typography-color); font-family: var(--body_typography-font-family); font-size: var(--body_typography-font-size); font-style: var(--body_typography-font-style,normal); font-weight: var(--body_typography-font-weight); letter-spacing: var(--body_typography-letter-spacing);\">k\u00f6lelerin festival e\u011flencelerini yapt\u0131klar\u0131 yer i\u00e7in de bu isim kullan\u0131lmaktad\u0131r.<\/span><\/p>\n<p>Afrika dilindeki tambo, tangir (tambur, davul) veya tocar (dokunmak, \u00e7alg\u0131 <span style=\"color: var(--body_typography-color); font-family: var(--body_typography-font-family); font-size: var(--body_typography-font-size); font-style: var(--body_typography-font-style,normal); font-weight: var(--body_typography-font-weight); letter-spacing: var(--body_typography-letter-spacing);\">\u00e7almak) kelimelerinden geldi\u011fi de s\u00f6ylenmektedir. Her nas\u0131l olursa olsun <\/span><span style=\"color: var(--body_typography-color); font-family: var(--body_typography-font-family); font-size: var(--body_typography-font-size); font-style: var(--body_typography-font-style,normal); font-weight: var(--body_typography-font-weight); letter-spacing: var(--body_typography-letter-spacing);\">kelimenin, danstan \u00e7ok daha \u00f6nce ve Arjantin d\u0131\u015f\u0131nda, Kanarya Adalar\u0131 ve <\/span><span style=\"color: var(--body_typography-color); font-family: var(--body_typography-font-family); font-size: var(--body_typography-font-size); font-style: var(--body_typography-font-style,normal); font-weight: var(--body_typography-font-weight); letter-spacing: var(--body_typography-letter-spacing);\">ba\u015fka Latin Amerika \u00fclkelerinde, siyahilerin davul m\u00fczi\u011fi e\u015fli\u011finde <\/span><span style=\"color: var(--body_typography-color); font-family: var(--body_typography-font-family); font-size: var(--body_typography-font-size); font-style: var(--body_typography-font-style,normal); font-weight: var(--body_typography-font-weight); letter-spacing: var(--body_typography-letter-spacing);\">d\u00fczenledikleri e\u011flenceler ve davulun kendi ad\u0131 olarak var oldu\u011funu s\u00f6ylemek <\/span><span style=\"color: var(--body_typography-color); font-family: var(--body_typography-font-family); font-size: var(--body_typography-font-size); font-style: var(--body_typography-font-style,normal); font-weight: var(--body_typography-font-weight); letter-spacing: var(--body_typography-letter-spacing);\">m\u00fcmk\u00fcnd\u00fcr. 19. yy \u0130spanya\u2019s\u0131nda tango kelimesi bir Flamenko t\u00fcr\u00fc i\u00e7in <\/span><span style=\"color: var(--body_typography-color); font-family: var(--body_typography-font-family); font-size: var(--body_typography-font-size); font-style: var(--body_typography-font-style,normal); font-weight: var(--body_typography-font-weight); letter-spacing: var(--body_typography-letter-spacing);\">kullan\u0131lmaktayd\u0131. Buenos Aires\u2019te ise 16. yy\u2019da oldu\u011fu gibi, siyahilerin kendi <\/span><span style=\"color: var(--body_typography-color); font-family: var(--body_typography-font-family); font-size: var(--body_typography-font-size); font-style: var(--body_typography-font-style,normal); font-weight: var(--body_typography-font-weight); letter-spacing: var(--body_typography-letter-spacing);\">danslar\u0131n\u0131 ettikleri yer anlam\u0131na gelmektedir\u201d (akt. Ayd\u0131no\u011flu, 2011: 2).<\/span><\/p>\n<p>\u201cTango\u2019nun kelime k\u00f6kenine ili\u015fkin baz\u0131lar\u0131, Latince tangere fiilinden t\u00fcretilmi\u015f <span style=\"color: var(--body_typography-color); font-family: var(--body_typography-font-family); font-size: var(--body_typography-font-size); font-style: var(--body_typography-font-style,normal); font-weight: var(--body_typography-font-weight); letter-spacing: var(--body_typography-letter-spacing);\">oldu\u011funu, bu fiilin de \u0130spanyolca\u2019daki tocar veya palpar fiillerindeki \u2018okunmak <\/span><span style=\"color: var(--body_typography-color); font-family: var(--body_typography-font-family); font-size: var(--body_typography-font-size); font-style: var(--body_typography-font-style,normal); font-weight: var(--body_typography-font-weight); letter-spacing: var(--body_typography-letter-spacing);\">ya da bir enstr\u00fcman \u00e7almak\u2019 anlam\u0131 ta\u015f\u0131d\u0131\u011f\u0131n\u0131 s\u00f6ylerken, baz\u0131lar\u0131 da tango <\/span><span style=\"color: var(--body_typography-color); font-family: var(--body_typography-font-family); font-size: var(--body_typography-font-size); font-style: var(--body_typography-font-style,normal); font-weight: var(--body_typography-font-weight); letter-spacing: var(--body_typography-letter-spacing);\">s\u00f6zc\u00fc\u011f\u00fcn\u00fcn siyahi k\u00f6kenli oldu\u011funu tambor ve candombeden geldi\u011fini ileri <\/span><span style=\"color: var(--body_typography-color); font-family: var(--body_typography-font-family); font-size: var(--body_typography-font-size); font-style: var(--body_typography-font-style,normal); font-weight: var(--body_typography-font-weight); letter-spacing: var(--body_typography-letter-spacing);\">s\u00fcrmektedir.<br \/>\nVe deniyor ki; dans\u00e7\u0131lar candombe g\u00f6sterilerinde, <\/span><span style=\"color: var(--body_typography-color); font-family: var(--body_typography-font-family); font-size: var(--body_typography-font-size); font-style: var(--body_typography-font-style,normal); font-weight: var(--body_typography-font-weight); letter-spacing: var(--body_typography-letter-spacing);\">candomberoya, enstr\u00fcman\u0131n\u0131 \u2013muhtemelen tamboru- \u00e7almas\u0131 i\u00e7in \u015f\u00f6yle <\/span><span style=\"color: var(--body_typography-color); font-family: var(--body_typography-font-family); font-size: var(--body_typography-font-size); font-style: var(--body_typography-font-style,normal); font-weight: var(--body_typography-font-weight); letter-spacing: var(--body_typography-letter-spacing);\">sesleniyorlarm\u0131\u015f: \u2018Haydi tango \u00e7al!\u2019 dolay\u0131s\u0131yla tango, bir \u00e7alg\u0131 ve bir dans ad\u0131 <\/span><span style=\"color: var(--body_typography-color); font-family: var(--body_typography-font-family); font-size: var(--body_typography-font-size); font-style: var(--body_typography-font-style,normal); font-weight: var(--body_typography-font-weight); letter-spacing: var(--body_typography-letter-spacing);\">olarak kar\u015f\u0131m\u0131za \u00e7\u0131kmaktad\u0131r\u201d (Narter, 2016: 29-30).<\/span><\/p>\n<p>\u201cEnrique Corominas, Diccionario Etimologico adl\u0131 etimolojik s\u00f6zl\u00fckte Arjantin dans\u0131 olarak belirtti\u011fi tango s\u00f6zc\u00fc\u011f\u00fcn\u00fc, <span style=\"color: var(--body_typography-color); font-family: var(--body_typography-font-family); font-size: var(--body_typography-font-size); font-style: var(--body_typography-font-style,normal); font-weight: var(--body_typography-font-weight); letter-spacing: var(--body_typography-letter-spacing);\">onomatopeyica ses bak\u0131m\u0131ndan \u00e7a\u011fr\u0131\u015f\u0131m yapan kelimelerle a\u00e7\u0131klamak istemi\u015ftir. Corominas\u2019a g\u00f6re, \u201ctangue 16. y\u00fczy\u0131lda <\/span><span style=\"color: var(--body_typography-color); font-family: var(--body_typography-font-family); font-size: var(--body_typography-font-size); font-style: var(--body_typography-font-style,normal); font-weight: var(--body_typography-font-weight); letter-spacing: var(--body_typography-letter-spacing);\">Normandiya\u2019da yap\u0131lan bir dans\u0131n ad\u0131 ve tingeltangel 1872 y\u0131l\u0131nda Almanlar\u0131n hafif m\u00fczik \u00e7al\u0131nan kafelerinin ad\u0131d\u0131r\u201d <\/span><span style=\"color: var(--body_typography-color); font-family: var(--body_typography-font-family); font-size: var(--body_typography-font-size); font-style: var(--body_typography-font-style,normal); font-weight: var(--body_typography-font-weight); letter-spacing: var(--body_typography-letter-spacing);\">(Akg\u00fcn, 1993: 13). <\/span><\/p>\n<p><span style=\"color: var(--body_typography-color); font-family: var(--body_typography-font-family); font-size: var(--body_typography-font-size); font-style: var(--body_typography-font-style,normal); font-weight: var(--body_typography-font-weight); letter-spacing: var(--body_typography-letter-spacing);\">\u201c1899 y\u0131l\u0131nda, dans ve dans m\u00fczi\u011fi olarak tango anlam\u0131, \u0130spanyol Kraliyet Akademisi S\u00f6zl\u00fc\u011f\u00fc <\/span><span style=\"color: var(--body_typography-color); font-family: var(--body_typography-font-family); font-size: var(--body_typography-font-size); font-style: var(--body_typography-font-style,normal); font-weight: var(--body_typography-font-weight); letter-spacing: var(--body_typography-letter-spacing);\">taraf\u0131ndan kabul edilmi\u015ftir\u201d (Hess, 2007: 11).<\/span><\/p>\n<p>Arjantin\u2019de ortaya \u00e7\u0131kan tango, m\u00fczisyenler, dans\u00e7\u0131lar ve tango \u00fczerine yap\u0131lan filmler sayesinde \u00f6nce Paris\u2019e daha <span style=\"color: var(--body_typography-color); font-family: var(--body_typography-font-family); font-size: var(--body_typography-font-size); font-style: var(--body_typography-font-style,normal); font-weight: var(--body_typography-font-weight); letter-spacing: var(--body_typography-letter-spacing);\">sonra t\u00fcm Avrupa\u2019ya ve d\u00fcnyaya ta\u015f\u0131nm\u0131\u015f, buralarda yay\u0131larak kendini b\u00fcy\u00fck bir toplumsal kitleye tan\u0131tm\u0131\u015f ve b\u00f6ylelikle <\/span><span style=\"color: var(--body_typography-color); font-family: var(--body_typography-font-family); font-size: var(--body_typography-font-size); font-style: var(--body_typography-font-style,normal); font-weight: var(--body_typography-font-weight); letter-spacing: var(--body_typography-letter-spacing);\">uluslararas\u0131 bir nitelik kazanm\u0131\u015ft\u0131r.<\/span><\/p>\n<p>\u201cTango, Paris\u2019e 1900\u2019ler\u0131n ba\u015f\u0131nda gelir. Argentino s\u0131\u011f\u0131r t\u00fcccarlar\u0131, baz\u0131 <span style=\"color: var(--body_typography-color); font-family: var(--body_typography-font-family); font-size: var(--body_typography-font-size); font-style: var(--body_typography-font-style,normal); font-weight: var(--body_typography-font-weight); letter-spacing: var(--body_typography-letter-spacing);\">macerac\u0131 tango m\u00fczisyen ve dans\u00e7\u0131s\u0131yla birlikte, tangoyu belle \u00e9poque\u2019un elit <\/span><span style=\"color: var(--body_typography-color); font-family: var(--body_typography-font-family); font-size: var(--body_typography-font-size); font-style: var(--body_typography-font-style,normal); font-weight: var(--body_typography-font-weight); letter-spacing: var(--body_typography-letter-spacing);\">\u00e7evrelerine, kabarelerine ve m\u00fczikhollerine tan\u0131\u015ft\u0131rm\u0131\u015ft\u0131r. Tango\u2019ya Fransa\u2019da <\/span><span style=\"color: var(--body_typography-color); font-family: var(--body_typography-font-family); font-size: var(--body_typography-font-size); font-style: var(--body_typography-font-style,normal); font-weight: var(--body_typography-font-weight); letter-spacing: var(--body_typography-letter-spacing);\">ev sahipli\u011fi yapan sadece d\u00fcnyan\u0131n haz ba\u015fkenti de\u011fildir. Marsilya tangonun <\/span><span style=\"color: var(--body_typography-color); font-family: var(--body_typography-font-family); font-size: var(--body_typography-font-size); font-style: var(--body_typography-font-style,normal); font-weight: var(--body_typography-font-weight); letter-spacing: var(--body_typography-letter-spacing);\">giri\u015f yapt\u0131\u011f\u0131 ba\u015fka bir Frans\u0131z liman\u0131d\u0131r. Marsilya\u2019n\u0131n d\u00fcnyay\u0131 gezen <\/span><span style=\"color: var(--body_typography-color); font-family: var(--body_typography-font-family); font-size: var(--body_typography-font-size); font-style: var(--body_typography-font-style,normal); font-weight: var(--body_typography-font-weight); letter-spacing: var(--body_typography-letter-spacing);\">denizcileri ve beyaz k\u00f6le tacirleri, tangonun di\u011fer alt s\u0131n\u0131ftan tan\u0131t\u0131c\u0131lar\u0131d\u0131r. <\/span><span style=\"color: var(--body_typography-color); font-family: var(--body_typography-font-family); font-size: var(--body_typography-font-size); font-style: var(--body_typography-font-style,normal); font-weight: var(--body_typography-font-weight); letter-spacing: var(--body_typography-letter-spacing);\">Tango Paris\u2019e, toplumsal \u00f6l\u00e7e\u011fin hem \u00fcst hem de alt d\u00fczeyleri arac\u0131l\u0131\u011f\u0131yla <\/span><span style=\"color: var(--body_typography-color); font-family: var(--body_typography-font-family); font-size: var(--body_typography-font-size); font-style: var(--body_typography-font-style,normal); font-weight: var(--body_typography-font-weight); letter-spacing: var(--body_typography-letter-spacing);\">gelmi\u015ftir\u201d (Savigliano, 2004:182).<\/span><\/p>\n<p>\u201cFonograf\u0131n 1877\u2019de icat edildi\u011fi ve 1888\u2019den itibaren sesin b\u00fcy\u00fct\u00fclebildi\u011fi bilinmektedir. Tangonun geli\u015fimi kay\u0131t <span style=\"color: var(--body_typography-color); font-family: var(--body_typography-font-family); font-size: var(--body_typography-font-size); font-style: var(--body_typography-font-style,normal); font-weight: var(--body_typography-font-weight); letter-spacing: var(--body_typography-letter-spacing);\">tekni\u011finin geli\u015fimine ba\u011fl\u0131 oldu\u011fu g\u00f6r\u00fcl\u00fcr. 1907 \u00f6ncesinde \u00e7ok say\u0131da tango kayd\u0131 mevcuttur, ancak kaliteleri \u00e7ok <\/span><span style=\"color: var(--body_typography-color); font-family: var(--body_typography-font-family); font-size: var(--body_typography-font-size); font-style: var(--body_typography-font-style,normal); font-weight: var(--body_typography-font-weight); letter-spacing: var(--body_typography-letter-spacing);\">kusurludur. 1907 y\u0131l\u0131nda Alfredo Gobbi ve Angel Villoldo kay\u0131t yapmak i\u00e7in Paris\u2019e gitmi\u015fler ve bu kay\u0131tlar yay\u0131mland\u0131ktan <\/span><span style=\"color: var(--body_typography-color); font-family: var(--body_typography-font-family); font-size: var(--body_typography-font-size); font-style: var(--body_typography-font-style,normal); font-weight: var(--body_typography-font-weight); letter-spacing: var(--body_typography-letter-spacing);\">sonra bir\u00e7ok \u00fclkede kopyalar\u0131 bas\u0131labilmi\u015ftir\u201d (Hess, 2007: 70).<\/span><\/p>\n<p>Tango, ba\u015flang\u0131\u00e7ta bir do\u011fa\u00e7lama sanat\u0131 iken, \u00f6zellikle Paris\u2019e ta\u015f\u0131nd\u0131ktan sonra belirli kurallar, teknik \u00f6l\u00e7\u00fctler koyularak <span style=\"color: var(--body_typography-color); font-family: var(--body_typography-font-family); font-size: var(--body_typography-font-size); font-style: var(--body_typography-font-style,normal); font-weight: var(--body_typography-font-weight); letter-spacing: var(--body_typography-letter-spacing);\">uluslararas\u0131 tangonun olu\u015fmas\u0131na katk\u0131 sa\u011flanm\u0131\u015ft\u0131r. Ayn\u0131 zamanda her \u00fclke kendi k\u00fclt\u00fcr\u00fcnden, m\u00fczi\u011finden ve <\/span><span style=\"color: var(--body_typography-color); font-family: var(--body_typography-font-family); font-size: var(--body_typography-font-size); font-style: var(--body_typography-font-style,normal); font-weight: var(--body_typography-font-weight); letter-spacing: var(--body_typography-letter-spacing);\">edebiyat\u0131ndan etkiler sunarak tangoyu \u00e7e\u015fitlendirmi\u015f, bundan dolay\u0131 Arjantin tangosuna ek olarak Frans\u0131z tangosu, <\/span><span style=\"color: var(--body_typography-color); font-family: var(--body_typography-font-family); font-size: var(--body_typography-font-size); font-style: var(--body_typography-font-style,normal); font-weight: var(--body_typography-font-weight); letter-spacing: var(--body_typography-letter-spacing);\">\u0130talyan tangosu, Rus tangosu, Amerikan tangosu, T\u00fcrk tangosu gibi farkl\u0131 stiller ortaya \u00e7\u0131km\u0131\u015ft\u0131r. <\/span><span style=\"color: var(--body_typography-color); font-family: var(--body_typography-font-family); font-size: var(--body_typography-font-size); font-style: var(--body_typography-font-style,normal); font-weight: var(--body_typography-font-weight); letter-spacing: var(--body_typography-letter-spacing);\">\u201cTango\u2019nun cinsellik i\u00e7eren, tutkulu ve erotik bir dans oldu\u011fu alg\u0131s\u0131 genelde <\/span><span style=\"color: var(--body_typography-color); font-family: var(--body_typography-font-family); font-size: var(--body_typography-font-size); font-style: var(--body_typography-font-style,normal); font-weight: var(--body_typography-font-weight); letter-spacing: var(--body_typography-letter-spacing);\">de\u011fi\u015fmemekle beraber, kimi zaman bir alt k\u00fclt\u00fcr \u00fcr\u00fcn\u00fc olarak g\u00f6r\u00fclen <\/span><span style=\"color: var(--body_typography-color); font-family: var(--body_typography-font-family); font-size: var(--body_typography-font-size); font-style: var(--body_typography-font-style,normal); font-weight: var(--body_typography-font-weight); letter-spacing: var(--body_typography-letter-spacing);\">tangonun yasaklanmas\u0131nda ve yer alt\u0131na girmesi, kimi zaman ise bunun tam <\/span><span style=\"color: var(--body_typography-color); font-family: var(--body_typography-font-family); font-size: var(--body_typography-font-size); font-style: var(--body_typography-font-style,normal); font-weight: var(--body_typography-font-weight); letter-spacing: var(--body_typography-letter-spacing);\">aksi; bir \u00fcst k\u00fclt\u00fcr \u00fcr\u00fcn\u00fc haline gelerek se\u00e7kin kesimin simgesi, <\/span><span style=\"color: var(--body_typography-color); font-family: var(--body_typography-font-family); font-size: var(--body_typography-font-size); font-style: var(--body_typography-font-style,normal); font-weight: var(--body_typography-font-weight); letter-spacing: var(--body_typography-letter-spacing);\">modernle\u015fmenin sembol\u00fc hatta demokrasinin vizyonu olmas\u0131, bir\u00e7ok nedenin <\/span><span style=\"color: var(--body_typography-color); font-family: var(--body_typography-font-family); font-size: var(--body_typography-font-size); font-style: var(--body_typography-font-style,normal); font-weight: var(--body_typography-font-weight); letter-spacing: var(--body_typography-letter-spacing);\">yan\u0131 s\u0131ra \u00f6ncelikle farkl\u0131 k\u00fclt\u00fcrlerdeki toplumsal cinsiyet alg\u0131s\u0131ndan <\/span><span style=\"color: var(--body_typography-color); font-family: var(--body_typography-font-family); font-size: var(--body_typography-font-size); font-style: var(--body_typography-font-style,normal); font-weight: var(--body_typography-font-weight); letter-spacing: var(--body_typography-letter-spacing);\">kaynaklanmaktad\u0131r. Tango kimi zaman bu alg\u0131 sebebiyle kendisi de\u011fi\u015fime <\/span><span style=\"color: var(--body_typography-color); font-family: var(--body_typography-font-family); font-size: var(--body_typography-font-size); font-style: var(--body_typography-font-style,normal); font-weight: var(--body_typography-font-weight); letter-spacing: var(--body_typography-letter-spacing);\">u\u011frarken kimi zaman da bizzat bu alg\u0131n\u0131n de\u011fi\u015ftirilmesi i\u00e7in kullan\u0131lm\u0131\u015ft\u0131r. \u00d6te <\/span><span style=\"color: var(--body_typography-color); font-family: var(--body_typography-font-family); font-size: var(--body_typography-font-size); font-style: var(--body_typography-font-style,normal); font-weight: var(--body_typography-font-weight); letter-spacing: var(--body_typography-letter-spacing);\">yandan, bug\u00fcn ayn\u0131 zamanda bir g\u00f6steri dans\u0131 da olan tango ilk ortaya \u00e7\u0131k\u0131\u015f\u0131 <\/span><span style=\"color: var(--body_typography-color); font-family: var(--body_typography-font-family); font-size: var(--body_typography-font-size); font-style: var(--body_typography-font-style,normal); font-weight: var(--body_typography-font-weight); letter-spacing: var(--body_typography-letter-spacing);\">itibariyle sosyal bir danst\u0131r ve zaman i\u00e7erisinde tango yap\u0131lan mek\u00e2nlar <\/span><span style=\"color: var(--body_typography-color); font-family: var(--body_typography-font-family); font-size: var(--body_typography-font-size); font-style: var(--body_typography-font-style,normal); font-weight: var(--body_typography-font-weight); letter-spacing: var(--body_typography-letter-spacing);\">insanlar\u0131n bir\u00e7ok \u015feyi payla\u015fabildikleri birer sosyal ortama d\u00f6n\u00fc\u015fm\u00fc\u015ft\u00fcr. <\/span><span style=\"color: var(--body_typography-color); font-family: var(--body_typography-font-family); font-size: var(--body_typography-font-size); font-style: var(--body_typography-font-style,normal); font-weight: var(--body_typography-font-weight); letter-spacing: var(--body_typography-letter-spacing);\">\u00d6nceleri toplumlar i\u00e7erisindeki bu kesimi temsil eden tango bug\u00fcnk\u00fc ileti\u015fim <\/span><span style=\"color: var(--body_typography-color); font-family: var(--body_typography-font-family); font-size: var(--body_typography-font-size); font-style: var(--body_typography-font-style,normal); font-weight: var(--body_typography-font-weight); letter-spacing: var(--body_typography-letter-spacing);\">\u00e7a\u011f\u0131 ve geli\u015fen teknolojiye paralel olarak k\u00fcresel toplum yap\u0131s\u0131 i\u00e7erisinde bir <\/span><span style=\"color: var(--body_typography-color); font-family: var(--body_typography-font-family); font-size: var(--body_typography-font-size); font-style: var(--body_typography-font-style,normal); font-weight: var(--body_typography-font-weight); letter-spacing: var(--body_typography-letter-spacing);\">tango toplumu olu\u015fturmu\u015ftur\u201d (Ayd\u0131no\u011flu, 2011: 1).<\/span><\/p>\n<p>Bahar SARIBO\u011eA<\/p>\n<\/div><div class=\"fusion-clearfix\"><\/div><\/div><\/div><div  class=\"fusion-layout-column fusion_builder_column fusion_builder_column_1_2 fusion-builder-column-7 fusion-one-half fusion-column-last 1_2\"  style='margin-top:0px;margin-bottom:0px;width:50%;width:calc(50% - ( ( 4% ) * 0.5 ) );'><div class=\"fusion-column-wrapper\" style=\"padding: 0px 0px 0px 0px;background-position:left top;background-repeat:no-repeat;-webkit-background-size:cover;-moz-background-size:cover;-o-background-size:cover;background-size:cover;\"   data-bg-url=\"\"><div class=\"fusion-text\"><p><span style=\"color: var(--body_typography-color); font-family: var(--body_typography-font-family); font-size: var(--body_typography-font-size); font-style: var(--body_typography-font-style,normal); letter-spacing: var(--body_typography-letter-spacing);\"><b style=\"font-size: 27px;\" data-fusion-font=\"true\"><img loading=\"lazy\" decoding=\"async\" class=\"alignnone size-full wp-image-3383\" src=\"https:\/\/www.tangoturkradio.com\/wp-content\/uploads\/2020\/07\/1024px-Tango-entre-homme.jpg\" alt=\"\" width=\"1024\" height=\"664\" srcset=\"https:\/\/www.tangoturkradio.com\/wp-content\/uploads\/2020\/07\/1024px-Tango-entre-homme-200x130.jpg 200w, https:\/\/www.tangoturkradio.com\/wp-content\/uploads\/2020\/07\/1024px-Tango-entre-homme-300x195.jpg 300w, https:\/\/www.tangoturkradio.com\/wp-content\/uploads\/2020\/07\/1024px-Tango-entre-homme-400x259.jpg 400w, https:\/\/www.tangoturkradio.com\/wp-content\/uploads\/2020\/07\/1024px-Tango-entre-homme-600x389.jpg 600w, https:\/\/www.tangoturkradio.com\/wp-content\/uploads\/2020\/07\/1024px-Tango-entre-homme-640x415.jpg 640w, https:\/\/www.tangoturkradio.com\/wp-content\/uploads\/2020\/07\/1024px-Tango-entre-homme-768x498.jpg 768w, https:\/\/www.tangoturkradio.com\/wp-content\/uploads\/2020\/07\/1024px-Tango-entre-homme-800x519.jpg 800w, https:\/\/www.tangoturkradio.com\/wp-content\/uploads\/2020\/07\/1024px-Tango-entre-homme.jpg 1024w\" sizes=\"auto, (max-width: 1024px) 100vw, 1024px\" \/><\/b><\/span><\/p>\n<p>Tango m\u00fczi\u011fi ilk zamanlarda \u00e7alg\u0131sal m\u00fczik olarak kar\u015f\u0131m\u0131za \u00e7\u0131kmaktad\u0131r. Ara\u015ft\u0131rmalarda tango m\u00fczi\u011fin ortaya <span style=\"color: var(--body_typography-color); font-family: var(--body_typography-font-family); font-size: var(--body_typography-font-size); font-style: var(--body_typography-font-style,normal); font-weight: var(--body_typography-font-weight); letter-spacing: var(--body_typography-letter-spacing);\">\u00e7\u0131kmas\u0131nda \u00e7e\u015fitli k\u00fclt\u00fcrlerin etkisinin oldu\u011fu g\u00f6r\u00fclmektedir. Tangonun m\u00fczikal olu\u015fumunun kaynakland\u0131\u011f\u0131 m\u00fczik t\u00fcrleri: H<\/span><b style=\"color: var(--body_typography-color); font-family: var(--body_typography-font-family); font-size: 18px; font-style: var(--body_typography-font-style,normal); letter-spacing: var(--body_typography-letter-spacing);\" data-fusion-font=\"true\">abanera, Milonga ve Tango Andal\u00fcz<\/b><span style=\"color: var(--body_typography-color); font-family: var(--body_typography-font-family); font-size: var(--body_typography-font-size); font-style: var(--body_typography-font-style,normal); font-weight: var(--body_typography-font-weight); letter-spacing: var(--body_typography-letter-spacing);\"> olarak d\u00fc\u015f\u00fcn\u00fclmektedir.<\/span><\/p>\n<p>\u201cBuenos Aires criollolar\u0131n (G\u00fcney Amerika\u2019da do\u011fmu\u015f Avrupal\u0131lar) ezgileri ve <span style=\"color: var(--body_typography-color); font-family: var(--body_typography-font-family); font-size: var(--body_typography-font-size); font-style: var(--body_typography-font-style,normal); font-weight: var(--body_typography-font-weight); letter-spacing: var(--body_typography-letter-spacing);\">ilk \u0130spanyol kolonilerinin m\u00fczi\u011finin kar\u0131\u015f\u0131m\u0131nda ortaya \u00e7\u0131kt\u0131\u011f\u0131 s\u00f6ylenmektedir. <\/span><span style=\"color: var(--body_typography-color); font-family: var(--body_typography-font-family); font-size: var(--body_typography-font-size); font-style: var(--body_typography-font-style,normal); font-weight: var(--body_typography-font-weight); letter-spacing: var(--body_typography-letter-spacing);\">Bu kar\u0131\u015f\u0131m\u0131n \u00f6\u011feleri oldu\u011fu \u00f6ne s\u00fcr\u00fclen t\u00fcrler ise: Habanera, Milonga ve T<\/span><span style=\"color: var(--body_typography-color); font-family: var(--body_typography-font-family); font-size: var(--body_typography-font-size); font-style: var(--body_typography-font-style,normal); letter-spacing: var(--body_typography-letter-spacing);\"><span style=\"font-weight: var(--body_typography-font-weight);\">ango Andal\u00fcz\u2019dur. <\/span><br \/>\n<b style=\"font-size: 20px;\" data-fusion-font=\"true\"><span style=\"font-size: 21px;\" data-fusion-font=\"true\">Habanera,<\/span> <\/b><\/span><span style=\"color: var(--body_typography-color); font-family: var(--body_typography-font-family); font-size: var(--body_typography-font-size); font-style: var(--body_typography-font-style,normal); font-weight: var(--body_typography-font-weight); letter-spacing: var(--body_typography-letter-spacing);\">\u0130spanyol k\u00f6kenli m\u00fczikle yerli dans ve <\/span><span style=\"color: var(--body_typography-color); font-family: var(--body_typography-font-family); font-size: var(--body_typography-font-size); font-style: var(--body_typography-font-style,normal); font-weight: var(--body_typography-font-weight); letter-spacing: var(--body_typography-letter-spacing);\">melodilerin kar\u0131\u015f\u0131m\u0131ndan ortaya \u00e7\u0131km\u0131\u015f bir K\u00fcba m\u00fczi\u011fidir. <\/span><\/p>\n<p><span style=\"color: var(--body_typography-color); font-family: var(--body_typography-font-family); font-size: var(--body_typography-font-size); font-style: var(--body_typography-font-style,normal); letter-spacing: var(--body_typography-letter-spacing);\"><b style=\"font-size: 20px;\" data-fusion-font=\"true\">Tango Andal\u00fcz,<\/b><\/span> <span style=\"color: var(--body_typography-color); font-family: var(--body_typography-font-family); font-size: var(--body_typography-font-size); font-style: var(--body_typography-font-style,normal); font-weight: var(--body_typography-font-weight); letter-spacing: var(--body_typography-letter-spacing);\">\u0130spanyol as\u0131ll\u0131 bir dans ve m\u00fczik t\u00fcr\u00fc; di\u011fer ad\u0131yla Tanguillo Espanol. <\/span><\/p>\n<p><b><span style=\"color: var(--body_typography-color); font-family: var(--body_typography-font-family); font-size: 20px; font-style: var(--body_typography-font-style,normal); letter-spacing: var(--body_typography-letter-spacing);\" data-fusion-font=\"true\">Milonga ise, <\/span><\/b><span style=\"color: var(--body_typography-color); font-family: var(--body_typography-font-family); font-size: var(--body_typography-font-size); font-style: var(--body_typography-font-style,normal); font-weight: var(--body_typography-font-weight); letter-spacing: var(--body_typography-letter-spacing);\">o devirde Montevideo ve Buenos Aires\u2019de bulunan siyahilerin koreografik <\/span><span style=\"color: var(--body_typography-color); font-family: var(--body_typography-font-family); font-size: var(--body_typography-font-size); font-style: var(--body_typography-font-style,normal); font-weight: var(--body_typography-font-weight); letter-spacing: var(--body_typography-letter-spacing);\">g\u00f6sterileriyle habaneran\u0131n melodik yap\u0131s\u0131n\u0131n birle\u015fmesinden olu\u015fmu\u015ftur. <\/span><span style=\"color: var(--body_typography-color); font-family: var(--body_typography-font-family); font-size: var(--body_typography-font-size); font-style: var(--body_typography-font-style,normal); font-weight: var(--body_typography-font-weight); letter-spacing: var(--body_typography-letter-spacing);\">Tangonun, End\u00fcl\u00fcs flamenkosu, G\u00fcney \u0130talyanlar\u0131n melodileri, K\u00fcba <\/span><span style=\"color: var(--body_typography-color); font-family: var(--body_typography-font-family); font-size: var(--body_typography-font-size); font-style: var(--body_typography-font-style,normal); font-weight: var(--body_typography-font-weight); letter-spacing: var(--body_typography-letter-spacing);\">habaneras\u0131, Afrikal\u0131lar\u0131n candombe ritimleri ve vurgular\u0131, Avrupal\u0131lar\u0131n polka <\/span><span style=\"color: var(--body_typography-color); font-family: var(--body_typography-font-family); font-size: var(--body_typography-font-size); font-style: var(--body_typography-font-style,normal); font-weight: var(--body_typography-font-weight); letter-spacing: var(--body_typography-letter-spacing);\">ve mazurkalar\u0131 gibi bir dizi m\u00fczikal etkiyle yo\u011fruldu\u011fu d\u00fc\u015f\u00fcn\u00fclebilir\u201d ( Narter, <\/span><span style=\"color: var(--body_typography-color); font-family: var(--body_typography-font-family); font-size: var(--body_typography-font-size); font-style: var(--body_typography-font-style,normal); font-weight: var(--body_typography-font-weight); letter-spacing: var(--body_typography-letter-spacing);\">2016: 30-31).<\/span><\/p>\n<p>\u201cRitim a\u00e7\u0131s\u0131ndan tango, K\u00fcba kontrdans\u0131na, habaneraya ve K\u00fcba tangosuna ba\u011fl\u0131d\u0131r. K\u00fcba tangosu, habanerayla birlikte, <span style=\"color: var(--body_typography-color); font-family: var(--body_typography-font-family); font-size: var(--body_typography-font-size); font-style: var(--body_typography-font-style,normal); font-weight: var(--body_typography-font-weight); letter-spacing: var(--body_typography-letter-spacing);\">1850-1860\u2019l\u0131 y\u0131llarda Latin Amerika\u2019da yay\u0131lm\u0131\u015ft\u0131r. Brezilya\u2019da, Rio de La Plata\u2019da oldu\u011fu gibi, tango ad\u0131 habaneraya XIX. <\/span><span style=\"color: var(--body_typography-color); font-family: var(--body_typography-font-family); font-size: var(--body_typography-font-size); font-style: var(--body_typography-font-style,normal); font-weight: var(--body_typography-font-weight); letter-spacing: var(--body_typography-letter-spacing);\">y\u00fczy\u0131l\u0131n sonlar\u0131nda verilmi\u015ftir. Tango brasiliero, ba\u015flang\u0131\u00e7ta K\u00fcba habaneras\u0131n\u0131n yerel uyarlamas\u0131ndan ba\u015fka bir \u015fey <\/span><span style=\"color: var(--body_typography-color); font-family: var(--body_typography-font-family); font-size: var(--body_typography-font-size); font-style: var(--body_typography-font-style,normal); font-weight: var(--body_typography-font-weight); letter-spacing: var(--body_typography-letter-spacing);\">de\u011fildir\u201d (Hess, 2007: 65). <\/span><\/p>\n<p><span style=\"color: var(--body_typography-color); font-family: var(--body_typography-font-family); font-size: var(--body_typography-font-size); font-style: var(--body_typography-font-style,normal); font-weight: var(--body_typography-font-weight); letter-spacing: var(--body_typography-letter-spacing);\">Tango, genel olarak d\u00f6rt zamanl\u0131 basit \u00f6l\u00e7\u00fcl\u00fc bir ritmik yap\u0131ya sahiptir. D\u00f6rt zamanl\u0131 \u00f6l\u00e7\u00fcn\u00fcn <\/span><span style=\"color: var(--body_typography-color); font-family: var(--body_typography-font-family); font-size: var(--body_typography-font-size); font-style: var(--body_typography-font-style,normal); font-weight: var(--body_typography-font-weight); letter-spacing: var(--body_typography-letter-spacing);\">kuvvetli zamanlar\u0131ndaki birinci ve \u00fc\u00e7\u00fcnc\u00fc vurgular tangonun ritmik yap\u0131s\u0131n\u0131 olu\u015fturmaktad\u0131r. \u201c\u0130ki zamanl\u0131 ve senkop ritimli <\/span><span style=\"color: var(--body_typography-color); font-family: var(--body_typography-font-family); font-size: var(--body_typography-font-size); font-style: var(--body_typography-font-style,normal); font-weight: var(--body_typography-font-weight); letter-spacing: var(--body_typography-letter-spacing);\">milonga da tangonun ritmik yap\u0131s\u0131na katk\u0131da bulunmu\u015ftur. 1915 y\u0131l\u0131ndan sonra 4\/4 ve 4\/8 ritmik yap\u0131, 1955\u2019den sonra <\/span><span style=\"color: var(--body_typography-color); font-family: var(--body_typography-font-family); font-size: var(--body_typography-font-size); font-style: var(--body_typography-font-style,normal); font-weight: var(--body_typography-font-weight); letter-spacing: var(--body_typography-letter-spacing);\">yeni ritmik karmalar geli\u015fmi\u015ftir\u201d (Hess, 2007: 65).<\/span><\/p>\n<p><span style=\"color: var(--body_typography-color); font-family: var(--body_typography-font-family); font-size: var(--body_typography-font-size); font-style: var(--body_typography-font-style,normal); font-weight: var(--body_typography-font-weight); letter-spacing: var(--body_typography-letter-spacing);\">\u00c7alg\u0131sal olarak bak\u0131ld\u0131\u011f\u0131nda ilk tango topluluklar\u0131n\u0131n ba\u015flang\u0131\u00e7ta \u00fc\u00e7l\u00fc \u00e7alg\u0131 toplulu\u011fundan olu\u015ftu\u011fu g\u00f6r\u00fclmektedir. Bu \u00fc\u00e7l\u00fcde \u00f6ncelikle arp ya da gitar, keman ve fl\u00fct bulunmaktad\u0131r. Zamanla ba\u015fta bandoneon olmak \u00fczere, piyano, keman, <\/span><span style=\"color: var(--body_typography-color); font-family: var(--body_typography-font-family); font-size: var(--body_typography-font-size); font-style: var(--body_typography-font-style,normal); font-weight: var(--body_typography-font-weight); letter-spacing: var(--body_typography-letter-spacing);\">kontrbas ve bazen klarnetin yer ald\u0131\u011f\u0131 tango orkestralar\u0131 olu\u015fturulmu\u015ftur. Bu orkestralar\u0131n olu\u015fturulmas\u0131yla tango, <\/span><span style=\"color: var(--body_typography-color); font-family: var(--body_typography-font-family); font-size: var(--body_typography-font-size); font-style: var(--body_typography-font-style,normal); font-weight: var(--body_typography-font-weight); letter-spacing: var(--body_typography-letter-spacing);\">Arjantin\u2019in se\u00e7kin kesimi ile tan\u0131\u015fm\u0131\u015ft\u0131r. Ancak tangonun vazge\u00e7ilmez \u00e7alg\u0131s\u0131 bandoneon olarak bilinmektedir.<\/span><\/p>\n<p>\u201cBandoneon 1835 y\u0131l\u0131nda Almanya\u2019da Krefeldli bir m\u00fczik \u00f6\u011fretmeni olan Henrich Band taraf\u0131ndan icat edilmi\u015ftir\u201d (Akg\u00fcn, <span style=\"color: var(--body_typography-color); font-family: var(--body_typography-font-family); font-size: var(--body_typography-font-size); font-style: var(--body_typography-font-style,normal); font-weight: var(--body_typography-font-weight); letter-spacing: var(--body_typography-letter-spacing);\">1993: 19).<\/span><\/p>\n<p><img loading=\"lazy\" decoding=\"async\" class=\"alignnone size-full wp-image-3460\" src=\"https:\/\/www.tangoturkradio.com\/wp-content\/uploads\/2020\/07\/bandoneon3_1500x610.jpg\" alt=\"\" width=\"1500\" height=\"610\" srcset=\"https:\/\/www.tangoturkradio.com\/wp-content\/uploads\/2020\/07\/bandoneon3_1500x610-200x81.jpg 200w, https:\/\/www.tangoturkradio.com\/wp-content\/uploads\/2020\/07\/bandoneon3_1500x610-300x122.jpg 300w, https:\/\/www.tangoturkradio.com\/wp-content\/uploads\/2020\/07\/bandoneon3_1500x610-400x163.jpg 400w, https:\/\/www.tangoturkradio.com\/wp-content\/uploads\/2020\/07\/bandoneon3_1500x610-600x244.jpg 600w, https:\/\/www.tangoturkradio.com\/wp-content\/uploads\/2020\/07\/bandoneon3_1500x610-640x260.jpg 640w, https:\/\/www.tangoturkradio.com\/wp-content\/uploads\/2020\/07\/bandoneon3_1500x610-669x272.jpg 669w, https:\/\/www.tangoturkradio.com\/wp-content\/uploads\/2020\/07\/bandoneon3_1500x610-768x312.jpg 768w, https:\/\/www.tangoturkradio.com\/wp-content\/uploads\/2020\/07\/bandoneon3_1500x610-800x325.jpg 800w, https:\/\/www.tangoturkradio.com\/wp-content\/uploads\/2020\/07\/bandoneon3_1500x610-1024x416.jpg 1024w, https:\/\/www.tangoturkradio.com\/wp-content\/uploads\/2020\/07\/bandoneon3_1500x610-1200x488.jpg 1200w, https:\/\/www.tangoturkradio.com\/wp-content\/uploads\/2020\/07\/bandoneon3_1500x610.jpg 1500w\" sizes=\"auto, (max-width: 1500px) 100vw, 1500px\" \/><\/p>\n<p><span style=\"color: var(--body_typography-color); font-family: var(--body_typography-font-family); font-size: var(--body_typography-font-size); font-style: var(--body_typography-font-style,normal); font-weight: var(--body_typography-font-weight); letter-spacing: var(--body_typography-letter-spacing);\">\u201cTa\u015f\u0131nmas\u0131 zor ve \u00e7ok masrafl\u0131 olan kilise orgunun her yerde bulunamamas\u0131na alternatif olarak, dinsel <\/span><span style=\"color: var(--body_typography-color); font-family: var(--body_typography-font-family); font-size: var(--body_typography-font-size); font-style: var(--body_typography-font-style,normal); font-weight: var(--body_typography-font-weight); letter-spacing: var(--body_typography-letter-spacing);\">t\u00f6renlerde kullan\u0131lmak \u00fczere, kolay ta\u015f\u0131nabilir ve benzer t\u0131n\u0131y\u0131 veren bir \u00e7alg\u0131 ihtiyac\u0131ndan do\u011fmu\u015ftur. Ancak \u00e7alma <\/span><span style=\"color: var(--body_typography-color); font-family: var(--body_typography-font-family); font-size: var(--body_typography-font-size); font-style: var(--body_typography-font-style,normal); font-weight: var(--body_typography-font-weight); letter-spacing: var(--body_typography-letter-spacing);\">zorlu\u011fundan dolay\u0131 pek ra\u011fbet g\u00f6rmemi\u015f ve dinsel bir \u00e7alg\u0131 niteli\u011fi kazanamayarak 1900\u2019lerin ba\u015f\u0131ndaki g\u00f6\u00e7lerle birlikte <\/span><span style=\"color: var(--body_typography-color); font-family: var(--body_typography-font-family); font-size: var(--body_typography-font-size); font-style: var(--body_typography-font-style,normal); font-weight: var(--body_typography-font-weight); letter-spacing: var(--body_typography-letter-spacing);\">Arjantin\u2019e g\u00f6\u00e7 ettirilmi\u015ftir\u201d (akt. Ayd\u0131no\u011flu, 2011: 6-7).<\/span><\/p>\n<p>\u201cTango \u015fairi ve bestecisi Enrique Santos Discepolo\u2019ya g\u00f6re; hi\u00e7bir enstr\u00fcman <span style=\"color: var(--body_typography-color); font-family: var(--body_typography-font-family); font-size: var(--body_typography-font-size); font-style: var(--body_typography-font-style,normal); font-weight: var(--body_typography-font-weight); letter-spacing: var(--body_typography-letter-spacing);\">hatta keman bile bizim duygular\u0131m\u0131z\u0131, sevin\u00e7lerimizi ve h\u00fcz\u00fcnlerimizi <\/span><span style=\"color: var(--body_typography-color); font-family: var(--body_typography-font-family); font-size: var(--body_typography-font-size); font-style: var(--body_typography-font-style,normal); font-weight: var(--body_typography-font-weight); letter-spacing: var(--body_typography-letter-spacing);\">anlatmakta bandoneon kadar ba\u015far\u0131l\u0131 olamaz. Bandoneon tangonun lirik <\/span><span style=\"color: var(--body_typography-color); font-family: var(--body_typography-font-family); font-size: var(--body_typography-font-size); font-style: var(--body_typography-font-style,normal); font-weight: var(--body_typography-font-weight); letter-spacing: var(--body_typography-letter-spacing);\">ruhudur; bandoneon, tangonun olmazsa olmaz enstr\u00fcman\u0131 ve simgesidir. <\/span><span style=\"color: var(--body_typography-color); font-family: var(--body_typography-font-family); font-size: var(--body_typography-font-size); font-style: var(--body_typography-font-style,normal); font-weight: var(--body_typography-font-weight); letter-spacing: var(--body_typography-letter-spacing);\">Arjantin tangosunun m\u00fczi\u011findeki h\u00fcz\u00fcn duygusunu insana en \u00e7ok hissettiren, <\/span><span style=\"color: var(--body_typography-color); font-family: var(--body_typography-font-family); font-size: var(--body_typography-font-size); font-style: var(--body_typography-font-style,normal); font-weight: var(--body_typography-font-weight); letter-spacing: var(--body_typography-letter-spacing);\">sesi ve dramatik t\u0131n\u0131s\u0131yla tangoya ruhunu veren \u00f6nemli bir unsurdur. Keman <\/span><span style=\"color: var(--body_typography-color); font-family: var(--body_typography-font-family); font-size: var(--body_typography-font-size); font-style: var(--body_typography-font-style,normal); font-weight: var(--body_typography-font-weight); letter-spacing: var(--body_typography-letter-spacing);\">kadar h\u00fcz\u00fcnl\u00fc ama bazen isyan\u0131, h\u00fcz\u00fcnleri g\u00f6lgede b\u0131rak\u0131r. Nefesinizi kilitler <\/span><span style=\"color: var(--body_typography-color); font-family: var(--body_typography-font-family); font-size: var(--body_typography-font-size); font-style: var(--body_typography-font-style,normal); font-weight: var(--body_typography-font-weight); letter-spacing: var(--body_typography-letter-spacing);\">ya da soluk alman\u0131z\u0131 unutturur. Kulaklar\u0131n\u0131zla duydu\u011funuzun asl\u0131nda bir ses <\/span><span style=\"color: var(--body_typography-color); font-family: var(--body_typography-font-family); font-size: var(--body_typography-font-size); font-style: var(--body_typography-font-style,normal); font-weight: var(--body_typography-font-weight); letter-spacing: var(--body_typography-letter-spacing);\">olmad\u0131\u011f\u0131, onu s\u0131k\u0131ca kavray\u0131p tutmazsan\u0131z iki elinizin aras\u0131ndan bir y\u0131lan <\/span><span style=\"color: var(--body_typography-color); font-family: var(--body_typography-font-family); font-size: var(--body_typography-font-size); font-style: var(--body_typography-font-style,normal); font-weight: var(--body_typography-font-weight); letter-spacing: var(--body_typography-letter-spacing);\">edas\u0131yla k\u0131vr\u0131l\u0131p kay\u0131p gidece\u011fi yan\u0131lg\u0131s\u0131n\u0131, i\u015fitme ve dokunma duyular\u0131yla <\/span><span style=\"color: var(--body_typography-color); font-family: var(--body_typography-font-family); font-size: var(--body_typography-font-size); font-style: var(--body_typography-font-style,normal); font-weight: var(--body_typography-font-weight); letter-spacing: var(--body_typography-letter-spacing);\">alay edercesine ya\u015fatabilme oyunculu\u011funa sahip adeta b\u00fcy\u00fcl\u00fc bir <\/span><span style=\"color: var(--body_typography-color); font-family: var(--body_typography-font-family); font-size: var(--body_typography-font-size); font-style: var(--body_typography-font-style,normal); font-weight: var(--body_typography-font-weight); letter-spacing: var(--body_typography-letter-spacing);\">enstr\u00fcmand\u0131r bandoneon\u201d (akt. Narter, 2016: 43).<\/span><\/p>\n<p>\u201c\u0130lk \u00e7alg\u0131sal m\u00fczik olarak ortaya \u00e7\u0131kt\u0131\u011f\u0131 g\u00f6r\u00fclen tango m\u00fczi\u011fi, sonralar\u0131 i\u00e7eri\u011fine vokali de eklemi\u015ftir. S\u00f6zl\u00fc tangolar <span style=\"color: var(--body_typography-color); font-family: var(--body_typography-font-family); font-size: var(--body_typography-font-size); font-style: var(--body_typography-font-style,normal); font-weight: var(--body_typography-font-weight); letter-spacing: var(--body_typography-letter-spacing);\">1917\u2019lerden itibaren ortaya \u00e7\u0131km\u0131\u015ft\u0131r\u201d (Akg\u00fcn, 1993: 36). Tangonun nas\u0131l kendine \u00f6zg\u00fc bir m\u00fczi\u011fi ve dans\u0131 varsa s\u00f6zleri <\/span><span style=\"color: var(--body_typography-color); font-family: var(--body_typography-font-family); font-size: var(--body_typography-font-size); font-style: var(--body_typography-font-style,normal); font-weight: var(--body_typography-font-weight); letter-spacing: var(--body_typography-letter-spacing);\">de \u00f6zeldir. Tango\u2019nun s\u00f6zleri genellikle a\u015fk ve kad\u0131n temas\u0131 \u00fczerinedir. \u201cTango tarih\u00e7ileri ve edebiyat ele\u015ftirmenleri 1918- <\/span><span style=\"color: var(--body_typography-color); font-family: var(--body_typography-font-family); font-size: var(--body_typography-font-size); font-style: var(--body_typography-font-style,normal); font-weight: var(--body_typography-font-weight); letter-spacing: var(--body_typography-letter-spacing);\">1920 aras\u0131n\u0131, tango \u015fark\u0131 s\u00f6zlerinde, a\u00e7\u0131ktan a\u00e7\u0131\u011fa pornografik dizelerden, b\u0131\u00e7k\u0131n ve duygusalla\u015ft\u0131r\u0131lm\u0131\u015f b\u0131\u00e7k\u0131n dizelere <\/span><span style=\"color: var(--body_typography-color); font-family: var(--body_typography-font-family); font-size: var(--body_typography-font-size); font-style: var(--body_typography-font-style,normal); font-weight: var(--body_typography-font-weight); letter-spacing: var(--body_typography-letter-spacing);\">ge\u00e7i\u015f d\u00f6nemi olarak tespit etmi\u015flerdir\u201d (akt. Savigliano, 2004: 89).<\/span><\/p>\n<p>\u201cAvrupa\u2019daki tangoda ise, yaln\u0131z a\u015fk ve sevgi \u00fczerine s\u00f6zler yaz\u0131lm\u0131\u015ft\u0131r. <span style=\"color: var(--body_typography-color); font-family: var(--body_typography-font-family); font-size: var(--body_typography-font-size); font-style: var(--body_typography-font-style,normal); font-weight: var(--body_typography-font-weight); letter-spacing: var(--body_typography-letter-spacing);\">Fransa\u2019da bir \u015fanson m\u00fczi\u011finin rahatl\u0131\u011f\u0131, \u0130talya\u2019da Napoliten \u015fark\u0131lar\u0131n <\/span><span style=\"color: var(--body_typography-color); font-family: var(--body_typography-font-family); font-size: var(--body_typography-font-size); font-style: var(--body_typography-font-style,normal); font-weight: var(--body_typography-font-weight); letter-spacing: var(--body_typography-letter-spacing);\">duygusall\u0131\u011f\u0131, Almanya\u2019da tempo bir mar\u015f gibi olmu\u015ftur. 1920\u2019lerin ba\u015f\u0131nda <\/span><span style=\"color: var(--body_typography-color); font-family: var(--body_typography-font-family); font-size: var(--body_typography-font-size); font-style: var(--body_typography-font-style,normal); font-weight: var(--body_typography-font-weight); letter-spacing: var(--body_typography-letter-spacing);\">Avrupa\u2019dan T\u00fcrkiye\u2019ye de tango gelmi\u015ftir. T\u00fcrk m\u00fczi\u011finde tek sese al\u0131\u015fm\u0131\u015f <\/span><span style=\"color: var(--body_typography-color); font-family: var(--body_typography-font-family); font-size: var(--body_typography-font-size); font-style: var(--body_typography-font-style,normal); font-weight: var(--body_typography-font-weight); letter-spacing: var(--body_typography-letter-spacing);\">insanlar, tangoda \u00e7ok sesi bulmu\u015f, onun m\u00fczik yap\u0131s\u0131 i\u00e7indeki armoniyi <\/span><span style=\"color: var(--body_typography-color); font-family: var(--body_typography-font-family); font-size: var(--body_typography-font-size); font-style: var(--body_typography-font-style,normal); font-weight: var(--body_typography-font-weight); letter-spacing: var(--body_typography-letter-spacing);\">sevmi\u015ftir. T\u00fcrk insan\u0131 i\u00e7in tango, danstan \u00f6te bir \u015fark\u0131d\u0131r ve \u015fark\u0131 s\u00f6zleri <\/span><span style=\"color: var(--body_typography-color); font-family: var(--body_typography-font-family); font-size: var(--body_typography-font-size); font-style: var(--body_typography-font-style,normal); font-weight: var(--body_typography-font-weight); letter-spacing: var(--body_typography-letter-spacing);\">itibariyle her insan\u0131n ya\u015fam\u0131nda \u00f6nemli bir yer tutmaktad\u0131r\u201d (Era\u011fan, 1994: <\/span><span style=\"color: var(--body_typography-color); font-family: var(--body_typography-font-family); font-size: var(--body_typography-font-size); font-style: var(--body_typography-font-style,normal); font-weight: var(--body_typography-font-weight); letter-spacing: var(--body_typography-letter-spacing);\">85).<\/span><\/p>\n<p>\u201cGerek \u015fark\u0131 s\u00f6zlerinin i\u00e7eri\u011fi, gerek besteciler veya s\u00f6z yazarlar\u0131 a\u00e7\u0131s\u0131ndan bak\u0131ld\u0131\u011f\u0131nda tangodaki erkek egemenli\u011fi <span style=\"color: var(--body_typography-color); font-family: var(--body_typography-font-family); font-size: var(--body_typography-font-size); font-style: var(--body_typography-font-style,normal); font-weight: var(--body_typography-font-weight); letter-spacing: var(--body_typography-letter-spacing);\">veya bir di\u011fer bak\u0131\u015f a\u00e7\u0131s\u0131 ile ma\u00e7oluk olduk\u00e7a a\u00e7\u0131k bir \u015fekilde g\u00f6r\u00fclmektedir. Ancak bu durumun, tangonun yarat\u0131ld\u0131\u011f\u0131 <\/span><span style=\"color: var(--body_typography-color); font-family: var(--body_typography-font-family); font-size: var(--body_typography-font-size); font-style: var(--body_typography-font-style,normal); font-weight: var(--body_typography-font-weight); letter-spacing: var(--body_typography-letter-spacing);\">ortamlarda erkeklerin say\u0131ca \u00e7oklu\u011fundan kaynaklan\u0131yor olabilece\u011fini g\u00f6z ard\u0131 etmemek gerekir\u201d (Ayd\u0131no\u011flu, 2011: 6).<\/span><\/p>\n<\/div><span class=\"fusion-imageframe imageframe-none imageframe-5 hover-type-none\"><img loading=\"lazy\" decoding=\"async\" src=\"https:\/\/www.tangoturkradio.com\/wp-content\/uploads\/2025\/05\/4-2.png\" width=\"2176\" height=\"1063\" alt=\"\" title=\"4\" class=\"img-responsive wp-image-4829\" srcset=\"https:\/\/www.tangoturkradio.com\/wp-content\/uploads\/2025\/05\/4-2-200x98.png 200w, https:\/\/www.tangoturkradio.com\/wp-content\/uploads\/2025\/05\/4-2-400x195.png 400w, https:\/\/www.tangoturkradio.com\/wp-content\/uploads\/2025\/05\/4-2-600x293.png 600w, https:\/\/www.tangoturkradio.com\/wp-content\/uploads\/2025\/05\/4-2-800x391.png 800w, https:\/\/www.tangoturkradio.com\/wp-content\/uploads\/2025\/05\/4-2-1200x586.png 1200w, https:\/\/www.tangoturkradio.com\/wp-content\/uploads\/2025\/05\/4-2.png 2176w\" sizes=\"auto, (max-width: 800px) 100vw, 800px\" \/><\/span><div class=\"fusion-clearfix\"><\/div><\/div><\/div><div  class=\"fusion-layout-column fusion_builder_column fusion_builder_column_1_2 fusion-builder-column-8 fusion-one-half fusion-column-first 1_2\"  style='margin-top:0px;margin-bottom:0px;width:50%;width:calc(50% - ( ( 4% ) * 0.5 ) );margin-right: 4%;'><div class=\"fusion-column-wrapper\" style=\"padding: 0px 0px 0px 0px;background-position:left top;background-repeat:no-repeat;-webkit-background-size:cover;-moz-background-size:cover;-o-background-size:cover;background-size:cover;\"   data-bg-url=\"\"><div class=\"fusion-text\"><p><span style=\"font-size: 23px;\" data-fusion-font=\"true\"><b>Tango M\u00fczisyenleri <\/b><\/span><\/p>\n<p>Tango \u015fark\u0131c\u0131s\u0131 deyince akla ise <span style=\"font-size: 18px;\" data-fusion-font=\"true\"><b>Carlos Garde<\/b><\/span>l gelmektedir.<\/p>\n<p><img loading=\"lazy\" decoding=\"async\" class=\"alignnone size-full wp-image-3458\" src=\"https:\/\/www.tangoturkradio.com\/wp-content\/uploads\/2020\/07\/Carlos-Gardel-1200x900-1.jpg\" alt=\"\" width=\"1200\" height=\"900\" srcset=\"https:\/\/www.tangoturkradio.com\/wp-content\/uploads\/2020\/07\/Carlos-Gardel-1200x900-1-200x150.jpg 200w, https:\/\/www.tangoturkradio.com\/wp-content\/uploads\/2020\/07\/Carlos-Gardel-1200x900-1-300x225.jpg 300w, https:\/\/www.tangoturkradio.com\/wp-content\/uploads\/2020\/07\/Carlos-Gardel-1200x900-1-400x300.jpg 400w, https:\/\/www.tangoturkradio.com\/wp-content\/uploads\/2020\/07\/Carlos-Gardel-1200x900-1-600x450.jpg 600w, https:\/\/www.tangoturkradio.com\/wp-content\/uploads\/2020\/07\/Carlos-Gardel-1200x900-1-640x480.jpg 640w, https:\/\/www.tangoturkradio.com\/wp-content\/uploads\/2020\/07\/Carlos-Gardel-1200x900-1-768x576.jpg 768w, https:\/\/www.tangoturkradio.com\/wp-content\/uploads\/2020\/07\/Carlos-Gardel-1200x900-1-800x600.jpg 800w, https:\/\/www.tangoturkradio.com\/wp-content\/uploads\/2020\/07\/Carlos-Gardel-1200x900-1-1024x768.jpg 1024w, https:\/\/www.tangoturkradio.com\/wp-content\/uploads\/2020\/07\/Carlos-Gardel-1200x900-1.jpg 1200w\" sizes=\"auto, (max-width: 1200px) 100vw, 1200px\" \/><\/p>\n<p>\u201cTango m\u00fczisyenleri ilk ku\u015fa\u011f\u0131 1898-1917 y\u0131llar\u0131 aras\u0131nda kendini e\u011fitmi\u015f m\u00fczisyenlerden olu\u015fmu\u015ftur. Bu y\u00fczden k\u0131s\u0131tl\u0131 teknik bilgilerinden dolay\u0131 tango m\u00fczi\u011fini yorumlamay\u0131 ve geli\u015ftirmeyi engellemi\u015ftir. Ancak 1920\u2019li y\u0131llarda klasik e\u011fitim alm\u0131\u015f tango m\u00fczisyenleri kendini g\u00f6stermeye ba\u015flam\u0131\u015ft\u0131r\u201d (Narter, 2016: 54).<\/p>\n<p>Tango\u2019nun Alt\u0131n \u00c7a\u011f\u0131 olarak bilinen bu d\u00f6nemlerde tango zirveye ula\u015fm\u0131\u015ft\u0131r. \u201cTango tarihinin \u00e7ok ince \u00e7izgilerle birbirinden ayr\u0131lan bir\u00e7ok d\u00f6nem i\u00e7erdi\u011fine tan\u0131k olunmaktad\u0131r. Bu d\u00f6nemler s\u0131ras\u0131yla;<\/p>\n<p style=\"font-size: 18px;\" data-fusion-font=\"true\"><b>*tangonun tarih \u00f6ncesi d\u00f6nemi Prehistoria Del Tango (1865-1880),<br \/>\n<\/b><b style=\"color: var(--body_typography-color); font-family: var(--body_typography-font-family); font-style: var(--body_typography-font-style,normal); letter-spacing: var(--body_typography-letter-spacing);\">*eski d\u00f6nem Guardia Vieja (1880-1917),<br \/>\n<\/b><b style=\"color: var(--body_typography-color); font-family: var(--body_typography-font-family); font-style: var(--body_typography-font-style,normal); letter-spacing: var(--body_typography-letter-spacing);\">*ge\u00e7i\u015f d\u00f6nemi Periodo De Trancision (1917-1925),<br \/>\n<\/b><b style=\"color: var(--body_typography-color); font-family: var(--body_typography-font-family); font-style: var(--body_typography-font-style,normal); letter-spacing: var(--body_typography-letter-spacing);\">*yeni d\u00f6nem Guardia Nueva (1925-1948),<br \/>\n<\/b><b style=\"color: var(--body_typography-color); font-family: var(--body_typography-font-family); font-style: var(--body_typography-font-style,normal); letter-spacing: var(--body_typography-letter-spacing);\">*\u00fc\u00e7\u00fcnc\u00fc d\u00f6nem Tercera Guardia (1948-)\u201d (Akg\u00fcn, 1993: 44).<\/b><\/p>\n<p style=\"font-size: 21px;\" data-fusion-font=\"true\"><b>Eski d\u00f6nem (1880-1917) bestecileri<br \/>\n<\/b><\/p>\n<p>Rosendo Cavetano Mendizabal (Anselmo Rosendo)1868-1913<br \/>\n<span style=\"color: var(--body_typography-color); font-family: var(--body_typography-font-family); font-size: var(--body_typography-font-size); font-style: var(--body_typography-font-style,normal); font-weight: var(--body_typography-font-weight); letter-spacing: var(--body_typography-letter-spacing);\">Angel Gregorio Villoldo 1869-1919<br \/>\n<\/span><span style=\"color: var(--body_typography-color); font-family: var(--body_typography-font-family); font-size: var(--body_typography-font-size); font-style: var(--body_typography-font-style,normal); font-weight: var(--body_typography-font-weight); letter-spacing: var(--body_typography-letter-spacing);\">Enrique Saborido 1876-1941<br \/>\n<\/span><span style=\"color: var(--body_typography-color); font-family: var(--body_typography-font-family); font-size: var(--body_typography-font-size); font-style: var(--body_typography-font-style,normal); font-weight: var(--body_typography-font-weight); letter-spacing: var(--body_typography-letter-spacing);\">Vicente Greco (Garrote) 1888-1969<br \/>\n<\/span><span style=\"color: var(--body_typography-color); font-family: var(--body_typography-font-family); font-size: var(--body_typography-font-size); font-style: var(--body_typography-font-style,normal); font-weight: var(--body_typography-font-weight); letter-spacing: var(--body_typography-letter-spacing);\">Roberto Firpo 1884-1969<br \/>\n<\/span><span style=\"color: var(--body_typography-color); font-family: var(--body_typography-font-family); font-size: var(--body_typography-font-size); font-style: var(--body_typography-font-style,normal); font-weight: var(--body_typography-font-weight); letter-spacing: var(--body_typography-letter-spacing);\">Manuel Arozteui 1888-1938<br \/>\n<\/span><span style=\"color: var(--body_typography-color); font-family: var(--body_typography-font-family); font-size: var(--body_typography-font-size); font-style: var(--body_typography-font-style,normal); font-weight: var(--body_typography-font-weight); letter-spacing: var(--body_typography-letter-spacing);\">Francisco Canaro 1888-1965<br \/>\n<\/span><span style=\"color: var(--body_typography-color); font-family: var(--body_typography-font-family); font-size: var(--body_typography-font-size); font-style: var(--body_typography-font-style,normal); font-weight: var(--body_typography-font-weight); letter-spacing: var(--body_typography-letter-spacing);\">Carlos Posadas 1874-1918<br \/>\n<\/span><span style=\"color: var(--body_typography-color); font-family: var(--body_typography-font-family); font-size: var(--body_typography-font-size); font-style: var(--body_typography-font-style,normal); font-weight: var(--body_typography-font-weight); letter-spacing: var(--body_typography-letter-spacing);\">Alfredo Bevilacqua 1874-1942<br \/>\n<\/span><span style=\"color: var(--body_typography-color); font-family: var(--body_typography-font-family); font-size: var(--body_typography-font-size); font-style: var(--body_typography-font-style,normal); font-weight: var(--body_typography-font-weight); letter-spacing: var(--body_typography-letter-spacing);\">Alfredo Gobbi (Baba) 1877-1938<br \/>\n<\/span><span style=\"color: var(--body_typography-color); font-family: var(--body_typography-font-family); font-size: var(--body_typography-font-size); font-style: var(--body_typography-font-style,normal); font-weight: var(--body_typography-font-weight); letter-spacing: var(--body_typography-letter-spacing);\">Manuel Campoamor 1877-1941<br \/>\n<\/span><span style=\"color: var(--body_typography-color); font-family: var(--body_typography-font-family); font-size: var(--body_typography-font-size); font-style: var(--body_typography-font-style,normal); font-weight: var(--body_typography-font-weight); letter-spacing: var(--body_typography-letter-spacing);\">Juan Maglio (Pacho) 1880-1931<br \/>\n<\/span><span style=\"color: var(--body_typography-color); font-family: var(--body_typography-font-family); font-size: var(--body_typography-font-size); font-style: var(--body_typography-font-style,normal); font-weight: var(--body_typography-font-weight); letter-spacing: var(--body_typography-letter-spacing);\">Domingo Santa Cruz 1884-1931<br \/>\n<\/span><span style=\"color: var(--body_typography-color); font-family: var(--body_typography-font-family); font-size: var(--body_typography-font-size); font-style: var(--body_typography-font-style,normal); font-weight: var(--body_typography-font-weight); letter-spacing: var(--body_typography-letter-spacing);\">Ernesto Ponzio 1885-1934<br \/>\n<\/span><span style=\"color: var(--body_typography-color); font-family: var(--body_typography-font-family); font-size: var(--body_typography-font-size); font-style: var(--body_typography-font-style,normal); font-weight: var(--body_typography-font-weight); letter-spacing: var(--body_typography-letter-spacing);\">Prudencio Aragon 1886-1964<br \/>\n<\/span><span style=\"color: var(--body_typography-color); font-family: var(--body_typography-font-family); font-size: var(--body_typography-font-size); font-style: var(--body_typography-font-style,normal); font-weight: var(--body_typography-font-weight); letter-spacing: var(--body_typography-letter-spacing);\">Arturo De Bassi 1890-1956<\/span><\/p>\n<p style=\"font-size: 21px;\" data-fusion-font=\"true\"><b>Ge\u00e7i\u015f D\u00f6nem (1917-1925) bestecileri<\/b><\/p>\n<p>Agustin Bardi 1884-1941<br \/>\n<span style=\"color: var(--body_typography-color); font-family: var(--body_typography-font-family); font-size: var(--body_typography-font-size); font-style: var(--body_typography-font-style,normal); font-weight: var(--body_typography-font-weight); letter-spacing: var(--body_typography-letter-spacing);\">Juan De Dios Filiberto 1885-1964<br \/>\n<\/span><span style=\"color: var(--body_typography-color); font-family: var(--body_typography-font-family); font-size: var(--body_typography-font-size); font-style: var(--body_typography-font-style,normal); font-weight: var(--body_typography-font-weight); letter-spacing: var(--body_typography-letter-spacing);\">Gerardo Hernan Mathos Rodrigues 1887-1948<br \/>\n<\/span><span style=\"color: var(--body_typography-color); font-family: var(--body_typography-font-family); font-size: var(--body_typography-font-size); font-style: var(--body_typography-font-style,normal); font-weight: var(--body_typography-font-weight); letter-spacing: var(--body_typography-letter-spacing);\">Eduardo Arolas 1892-1924<br \/>\n<\/span><span style=\"color: var(--body_typography-color); font-family: var(--body_typography-font-family); font-size: var(--body_typography-font-size); font-style: var(--body_typography-font-style,normal); font-weight: var(--body_typography-font-weight); letter-spacing: var(--body_typography-letter-spacing);\">Juan Carlos Cobian 1895-1953<br \/>\n<\/span><span style=\"color: var(--body_typography-color); font-family: var(--body_typography-font-family); font-size: var(--body_typography-font-size); font-style: var(--body_typography-font-style,normal); font-weight: var(--body_typography-font-weight); letter-spacing: var(--body_typography-letter-spacing);\">Enrique Delfino 1895-1967<br \/>\n<\/span><span style=\"color: var(--body_typography-color); font-family: var(--body_typography-font-family); font-size: var(--body_typography-font-size); font-style: var(--body_typography-font-style,normal); font-weight: var(--body_typography-font-weight); letter-spacing: var(--body_typography-letter-spacing);\">Anselmo Aietta 1896-1964<br \/>\n<\/span><span style=\"color: var(--body_typography-color); font-family: var(--body_typography-font-family); font-size: var(--body_typography-font-size); font-style: var(--body_typography-font-style,normal); font-weight: var(--body_typography-font-weight); letter-spacing: var(--body_typography-letter-spacing);\">Edgardo Donato 1897-1963<br \/>\n<\/span><span style=\"color: var(--body_typography-color); font-family: var(--body_typography-font-family); font-size: var(--body_typography-font-size); font-style: var(--body_typography-font-style,normal); font-weight: var(--body_typography-font-weight); letter-spacing: var(--body_typography-letter-spacing);\">Osvaldo Fresedo 1897-1984<\/span><\/p>\n<p style=\"font-size: 21px;\" data-fusion-font=\"true\"><b>Yeni D\u00f6nem (1925-1948) bestecileri<\/b><\/p>\n<p>Julio De Caro 1899-1980<br \/>\n<span style=\"color: var(--body_typography-color); font-family: var(--body_typography-font-family); font-size: var(--body_typography-font-size); font-style: var(--body_typography-font-style,normal); font-weight: var(--body_typography-font-weight); letter-spacing: var(--body_typography-letter-spacing);\">Pedro Maffia 1899-1967<br \/>\n<\/span><span style=\"color: var(--body_typography-color); font-family: var(--body_typography-font-family); font-size: var(--body_typography-font-size); font-style: var(--body_typography-font-style,normal); font-weight: var(--body_typography-font-weight); letter-spacing: var(--body_typography-letter-spacing);\">Juan D\u2019Arienzo 1900-1976<br \/>\n<\/span><span style=\"color: var(--body_typography-color); font-family: var(--body_typography-font-family); font-size: var(--body_typography-font-size); font-style: var(--body_typography-font-style,normal); font-weight: var(--body_typography-font-weight); letter-spacing: var(--body_typography-letter-spacing);\">Enrique Santos Disc\u00e9polo 1901-1951<br \/>\n<\/span><span style=\"color: var(--body_typography-color); font-family: var(--body_typography-font-family); font-size: var(--body_typography-font-size); font-style: var(--body_typography-font-style,normal); font-weight: var(--body_typography-font-weight); letter-spacing: var(--body_typography-letter-spacing);\">Pedro Laurenz 1902-1972<br \/>\n<\/span><span style=\"color: var(--body_typography-color); font-family: var(--body_typography-font-family); font-size: var(--body_typography-font-size); font-style: var(--body_typography-font-style,normal); font-weight: var(--body_typography-font-weight); letter-spacing: var(--body_typography-letter-spacing);\">Sebastian Piana 1903-1994<br \/>\n<\/span><span style=\"color: var(--body_typography-color); font-family: var(--body_typography-font-family); font-size: var(--body_typography-font-size); font-style: var(--body_typography-font-style,normal); font-weight: var(--body_typography-font-weight); letter-spacing: var(--body_typography-letter-spacing);\">Carlos Marcucci 1903- 1957<br \/>\n<\/span><span style=\"color: var(--body_typography-color); font-family: var(--body_typography-font-family); font-size: var(--body_typography-font-size); font-style: var(--body_typography-font-style,normal); font-weight: var(--body_typography-font-weight); letter-spacing: var(--body_typography-letter-spacing);\">Carlos Di Sarli 1903- 1960<br \/>\n<\/span><span style=\"color: var(--body_typography-color); font-family: var(--body_typography-font-family); font-size: var(--body_typography-font-size); font-style: var(--body_typography-font-style,normal); font-weight: var(--body_typography-font-weight); letter-spacing: var(--body_typography-letter-spacing);\">Ciriaco Ortiz 1904-1970<br \/>\n<\/span><span style=\"color: var(--body_typography-color); font-family: var(--body_typography-font-family); font-size: var(--body_typography-font-size); font-style: var(--body_typography-font-style,normal); font-weight: var(--body_typography-font-weight); letter-spacing: var(--body_typography-letter-spacing);\">Osvaldo Pugliese 1905-1995<br \/>\n<\/span><span style=\"color: var(--body_typography-color); font-family: var(--body_typography-font-family); font-size: var(--body_typography-font-size); font-style: var(--body_typography-font-style,normal); font-weight: var(--body_typography-font-weight); letter-spacing: var(--body_typography-letter-spacing);\">Lucio Demare 1910-1974<br \/>\n<\/span><span style=\"color: var(--body_typography-color); font-family: var(--body_typography-font-family); font-size: var(--body_typography-font-size); font-style: var(--body_typography-font-style,normal); font-weight: var(--body_typography-font-weight); letter-spacing: var(--body_typography-letter-spacing);\">Alfredo Gobbi (O\u011flu) 1912-1965<br \/>\n<\/span><span style=\"color: var(--body_typography-color); font-family: var(--body_typography-font-family); font-size: var(--body_typography-font-size); font-style: var(--body_typography-font-style,normal); font-weight: var(--body_typography-font-weight); letter-spacing: var(--body_typography-letter-spacing);\">Anibal Troilo 1914-1975<br \/>\n<\/span><span style=\"color: var(--body_typography-color); font-family: var(--body_typography-font-family); font-size: var(--body_typography-font-size); font-style: var(--body_typography-font-style,normal); font-weight: var(--body_typography-font-weight); letter-spacing: var(--body_typography-letter-spacing);\">Jos\u00e9 Basso 1919-1993<\/span><\/p>\n<p style=\"font-size: 21px;\" data-fusion-font=\"true\"><b>\u00dc\u00e7\u00fcnc\u00fc d\u00f6nem (1948-) bestecileri<\/b><\/p>\n<p>Argentino Galvan 1913-<br \/>\n<span style=\"color: var(--body_typography-color); font-family: var(--body_typography-font-family); font-size: var(--body_typography-font-size); font-style: var(--body_typography-font-style,normal); font-weight: var(--body_typography-font-weight); letter-spacing: var(--body_typography-letter-spacing);\">Enrique Mario Franchini 1916-1978<br \/>\n<\/span><span style=\"color: var(--body_typography-color); font-family: var(--body_typography-font-family); font-size: var(--body_typography-font-size); font-style: var(--body_typography-font-style,normal); font-weight: var(--body_typography-font-weight); letter-spacing: var(--body_typography-letter-spacing);\">Horacio Salgan 1916-2016<br \/>\n<\/span><span style=\"color: var(--body_typography-color); font-family: var(--body_typography-font-family); font-size: var(--body_typography-font-size); font-style: var(--body_typography-font-style,normal); font-weight: var(--body_typography-font-weight); letter-spacing: var(--body_typography-letter-spacing);\">Domingo Federico 1916-2000<br \/>\n<\/span><span style=\"color: var(--body_typography-color); font-family: var(--body_typography-font-family); font-size: var(--body_typography-font-size); font-style: var(--body_typography-font-style,normal); font-weight: var(--body_typography-font-weight); letter-spacing: var(--body_typography-letter-spacing);\">Hector Stamponi 1916-1997<br \/>\n<\/span><span style=\"color: var(--body_typography-color); font-family: var(--body_typography-font-family); font-size: var(--body_typography-font-size); font-style: var(--body_typography-font-style,normal); font-weight: var(--body_typography-font-weight); letter-spacing: var(--body_typography-letter-spacing);\">Armando Pontier 1917-1983<br \/>\n<\/span><span style=\"color: var(--body_typography-color); font-family: var(--body_typography-font-family); font-size: var(--body_typography-font-size); font-style: var(--body_typography-font-style,normal); font-weight: var(--body_typography-font-weight); letter-spacing: var(--body_typography-letter-spacing);\">Osmar Maderna 1918-1951<br \/>\n<\/span><span style=\"color: var(--body_typography-color); font-family: var(--body_typography-font-family); font-size: var(--body_typography-font-size); font-style: var(--body_typography-font-style,normal); font-weight: var(--body_typography-font-weight); letter-spacing: var(--body_typography-letter-spacing);\">Mariano Mores 1922-2016<br \/>\n<\/span><span style=\"color: var(--body_typography-color); font-family: var(--body_typography-font-family); font-size: var(--body_typography-font-size); font-style: var(--body_typography-font-style,normal); font-weight: var(--body_typography-font-weight); letter-spacing: var(--body_typography-letter-spacing);\">Eduardo Rovira 1925-1980<br \/>\n<\/span><span style=\"color: var(--body_typography-color); font-family: var(--body_typography-font-family); font-size: var(--body_typography-font-size); font-style: var(--body_typography-font-style,normal); font-weight: var(--body_typography-font-weight); letter-spacing: var(--body_typography-letter-spacing);\">Roberto Pansera 1932-<br \/>\n<\/span><span style=\"color: var(--body_typography-color); font-family: var(--body_typography-font-family); font-size: var(--body_typography-font-size); font-style: var(--body_typography-font-style,normal); font-weight: var(--body_typography-font-weight); letter-spacing: var(--body_typography-letter-spacing);\">Astor Piazzolla 1921-1992<br \/>\n<\/span><span style=\"color: var(--body_typography-color); font-family: var(--body_typography-font-family); font-size: var(--body_typography-font-size); font-style: var(--body_typography-font-style,normal); font-weight: var(--body_typography-font-weight); letter-spacing: var(--body_typography-letter-spacing);\">Leopaldo Federico 1927-2014<br \/>\n<\/span><span style=\"color: var(--body_typography-color); font-family: var(--body_typography-font-family); font-size: var(--body_typography-font-size); font-style: var(--body_typography-font-style,normal); font-weight: var(--body_typography-font-weight); letter-spacing: var(--body_typography-letter-spacing);\">Atilio Stampone 1927-<br \/>\n<\/span><span style=\"color: var(--body_typography-color); font-family: var(--body_typography-font-family); font-size: var(--body_typography-font-size); font-style: var(--body_typography-font-style,normal); font-weight: var(--body_typography-font-weight); letter-spacing: var(--body_typography-letter-spacing);\">Osvaldo Bellinghieri (Berlingieri) 1929-2015<br \/>\n<\/span><span style=\"color: var(--body_typography-color); font-family: var(--body_typography-font-family); font-size: var(--body_typography-font-size); font-style: var(--body_typography-font-style,normal); font-weight: var(--body_typography-font-weight); letter-spacing: var(--body_typography-letter-spacing);\">Ernesto Baffa 1932-2016<br \/>\n<\/span><span style=\"color: var(--body_typography-color); font-family: var(--body_typography-font-family); font-size: var(--body_typography-font-size); font-style: var(--body_typography-font-style,normal); font-weight: var(--body_typography-font-weight); letter-spacing: var(--body_typography-letter-spacing);\">Raul Garello 1936-2016<br \/>\n<\/span><span style=\"color: var(--body_typography-color); font-family: var(--body_typography-font-family); font-size: var(--body_typography-font-size); font-style: var(--body_typography-font-style,normal); font-weight: var(--body_typography-font-weight); letter-spacing: var(--body_typography-letter-spacing);\">Osvaldo Piro 1937-<br \/>\n<\/span><span style=\"color: var(--body_typography-color); font-family: var(--body_typography-font-family); font-size: var(--body_typography-font-size); font-style: var(--body_typography-font-style,normal); font-weight: var(--body_typography-font-weight); letter-spacing: var(--body_typography-letter-spacing);\">Jos\u00e9 Leonardo Colangelo 1940-<br \/>\n<\/span><span style=\"color: var(--body_typography-color); font-family: var(--body_typography-font-family); font-size: var(--body_typography-font-size); font-style: var(--body_typography-font-style,normal); font-weight: var(--body_typography-font-weight); letter-spacing: var(--body_typography-letter-spacing);\">Rodolfo Mederos 1940-<br \/>\n<\/span><span style=\"color: var(--body_typography-color); font-family: var(--body_typography-font-family); font-size: var(--body_typography-font-size); font-style: var(--body_typography-font-style,normal); font-weight: var(--body_typography-font-weight); letter-spacing: var(--body_typography-letter-spacing);\">Nestor Marconi 1942-<br \/>\n<\/span><span style=\"color: var(--body_typography-color); font-family: var(--body_typography-font-family); font-size: var(--body_typography-font-size); font-style: var(--body_typography-font-style,normal); font-weight: var(--body_typography-font-weight); letter-spacing: var(--body_typography-letter-spacing);\">Daniel Binelli 1946-<br \/>\n<\/span><span style=\"color: var(--body_typography-color); font-family: var(--body_typography-font-family); font-size: var(--body_typography-font-size); font-style: var(--body_typography-font-style,normal); font-weight: var(--body_typography-font-weight); letter-spacing: var(--body_typography-letter-spacing);\">Maximo Diego Pujol 1957-<\/span><\/p>\n<p>\u201cBug\u00fcn hala tango orkestralar\u0131n\u0131n repertuvar\u0131nda bulunan, besteci ve piyanist Rosendo Mendizabal taraf\u0131ndan 1890\u2019larda yaz\u0131lm\u0131\u015f olan El Entrerriano adl\u0131 tango, m\u00fczik tarih\u00e7ilerinin kay\u0131tlar\u0131na g\u00f6re en eski tango bestesi olarak kabul edilmektedir. Pla\u011fa al\u0131nan ilk tango ise 1903\u2019te kaydedilen Ernesto Ponzio\u2019nun besteledi\u011fi Don Juan olarak kay\u0131tlara ge\u00e7mi\u015ftir\u201d (Narter, 2016: 48).<\/p>\n<p>\u201c1916 y\u0131l\u0131nda mezuniyetlerini kutlayan mimarl\u0131k \u00f6\u011frencileri i\u00e7in Matos Rodriguez\u2019in besteledi\u011fi, Karnaval anlam\u0131na gelen La Cumparsita b\u00fct\u00fcn d\u00fcnyada bir simge haline gelen tango m\u00fczi\u011fi olarak bilinmektedir\u201d (Era\u011fan, 1994: 84).<\/p>\n<p>Bu eser g\u00fcn\u00fcm\u00fczde bile hala balolarda, d\u00fc\u011f\u00fcnlerde icra edilmektedir. \u201cManuel Campoamor\u2019un besteledi\u011fi La Cara de la Luna; Santa Cruz\u2019un Union Civica: Enrique Saborido\u2019nun La Morocha ve Felicia tangolar\u0131, Angel Villoldo\u2019nun besteledi\u011fi El Esquinazo, El Portenito, El Choclo ve Yunta Brava adl\u0131 tangolar 19. y\u00fczy\u0131l sonlar\u0131 ve yeni y\u00fczy\u0131l\u0131n hemen ba\u015flar\u0131nda bestelenmi\u015f ve g\u00fcn\u00fcm\u00fczde hala pop\u00fclaritesini koruyan en eski tangolar aras\u0131nda say\u0131lmaktad\u0131r\u201d (Narter, 2016: 50).<\/p>\n<p>21. y\u00fczy\u0131l i\u00e7inde ise m\u00fczikteki geli\u015fim \u0131\u015f\u0131\u011f\u0131nda ve yeni yakla\u015f\u0131mlar tango m\u00fczi\u011fi i\u00e7inde yeni aray\u0131\u015flara sebebiyet vermektedir. Gotan Project, Bajofondo Tango Club elektronik m\u00fczik ile yap\u0131lan baz\u0131 tango \u00e7al\u0131\u015fmalar\u0131na \u00f6rnektir.<\/p>\n<p>Bahar SARIBO\u011eA<\/p>\n<\/div><div class=\"imageframe-align-center\"><span class=\"fusion-imageframe imageframe-none imageframe-6 hover-type-none\"><img loading=\"lazy\" decoding=\"async\" src=\"https:\/\/www.tangoturkradio.com\/wp-content\/uploads\/2025\/05\/11-1.png\" width=\"2176\" height=\"1063\" alt=\"\" title=\"11\" class=\"img-responsive wp-image-4797\" srcset=\"https:\/\/www.tangoturkradio.com\/wp-content\/uploads\/2025\/05\/11-1-200x98.png 200w, https:\/\/www.tangoturkradio.com\/wp-content\/uploads\/2025\/05\/11-1-400x195.png 400w, https:\/\/www.tangoturkradio.com\/wp-content\/uploads\/2025\/05\/11-1-600x293.png 600w, https:\/\/www.tangoturkradio.com\/wp-content\/uploads\/2025\/05\/11-1-800x391.png 800w, https:\/\/www.tangoturkradio.com\/wp-content\/uploads\/2025\/05\/11-1-1200x586.png 1200w, https:\/\/www.tangoturkradio.com\/wp-content\/uploads\/2025\/05\/11-1.png 2176w\" sizes=\"auto, (max-width: 800px) 100vw, 800px\" \/><\/span><\/div><div class=\"fusion-clearfix\"><\/div><\/div><\/div><div  class=\"fusion-layout-column fusion_builder_column fusion_builder_column_1_2 fusion-builder-column-9 fusion-one-half fusion-column-last 1_2\"  style='margin-top:0px;margin-bottom:0px;width:50%;width:calc(50% - ( ( 4% ) * 0.5 ) );'><div class=\"fusion-column-wrapper\" style=\"padding: 0px 0px 0px 0px;background-position:left top;background-repeat:no-repeat;-webkit-background-size:cover;-moz-background-size:cover;-o-background-size:cover;background-size:cover;\"   data-bg-url=\"\"><div class=\"fusion-text\"><p style=\"font-size: 23px;\" data-fusion-font=\"true\"><b>Tango M\u00fczi\u011finde Yeni Bir D\u00f6nem: Astor Piazzolla<\/b><\/p>\n<p style=\"font-size: 23px;\" data-fusion-font=\"true\"><b><img loading=\"lazy\" decoding=\"async\" class=\"alignnone size-full wp-image-3457\" src=\"https:\/\/www.tangoturkradio.com\/wp-content\/uploads\/2020\/07\/5007daf5b0684c2f970303170059bc58.jpg\" alt=\"\" width=\"1399\" height=\"926\" srcset=\"https:\/\/www.tangoturkradio.com\/wp-content\/uploads\/2020\/07\/5007daf5b0684c2f970303170059bc58-200x132.jpg 200w, https:\/\/www.tangoturkradio.com\/wp-content\/uploads\/2020\/07\/5007daf5b0684c2f970303170059bc58-300x199.jpg 300w, https:\/\/www.tangoturkradio.com\/wp-content\/uploads\/2020\/07\/5007daf5b0684c2f970303170059bc58-400x265.jpg 400w, https:\/\/www.tangoturkradio.com\/wp-content\/uploads\/2020\/07\/5007daf5b0684c2f970303170059bc58-600x397.jpg 600w, https:\/\/www.tangoturkradio.com\/wp-content\/uploads\/2020\/07\/5007daf5b0684c2f970303170059bc58-640x424.jpg 640w, https:\/\/www.tangoturkradio.com\/wp-content\/uploads\/2020\/07\/5007daf5b0684c2f970303170059bc58-768x508.jpg 768w, https:\/\/www.tangoturkradio.com\/wp-content\/uploads\/2020\/07\/5007daf5b0684c2f970303170059bc58-800x530.jpg 800w, https:\/\/www.tangoturkradio.com\/wp-content\/uploads\/2020\/07\/5007daf5b0684c2f970303170059bc58-1024x678.jpg 1024w, https:\/\/www.tangoturkradio.com\/wp-content\/uploads\/2020\/07\/5007daf5b0684c2f970303170059bc58-1200x794.jpg 1200w, https:\/\/www.tangoturkradio.com\/wp-content\/uploads\/2020\/07\/5007daf5b0684c2f970303170059bc58.jpg 1399w\" sizes=\"auto, (max-width: 1399px) 100vw, 1399px\" \/><\/b><\/p>\n<p>G\u00fcn\u00fcm\u00fczde tango m\u00fczi\u011fi denildi\u011finde akla ilk gelen isimlerden biri Astor Piazzolla\u2019d\u0131r. Onu uluslararas\u0131 \u00fcne kavu\u015fturan ise yenilik\u00e7i anlay\u0131\u015f\u0131 sayesinde tango m\u00fczi\u011finde yeni bir ak\u0131m\u0131n \u00f6nc\u00fcs\u00fc olmas\u0131ndan kaynaklanmaktad\u0131r. Klasik tango m\u00fczi\u011fi ile yeti\u015fmesi, Paris\u2019te klasik m\u00fczik e\u011fitimi almas\u0131, Amerika\u2019da caz m\u00fczi\u011fine olan ilgisi gibi t\u00fcm etkenler bir araya gelince Astor Piazzolla\u2019n\u0131n tango m\u00fczi\u011finde yeni bir \u00e7\u0131\u011f\u0131r a\u00e7mas\u0131na neden olmu\u015ftur.<\/p>\n<p>\u201cAstor Piazzolla, 11 Mart 1921\u2019de \u0130talyan as\u0131ll\u0131 bir ailenin \u00e7ocu\u011fu olarak Arjantin\u2019in Mar Del Plata kentinde d\u00fcnyaya gelmi\u015ftir\u201d (Akg\u00fcn, 1993: 80).<\/p>\n<p>\u201cD\u00f6rt ya\u015f\u0131nda babas\u0131yla birlikte New York\u2019a gitmi\u015f, dokuz ya\u015f\u0131nda bandoneon \u00f6\u011frenmi\u015f, \u00f6zellikle caza ilgi duymu\u015ftur. On \u00fc\u00e7 ya\u015f\u0131nda iyi bir bandoneon icrac\u0131s\u0131 olmu\u015f, ayr\u0131ca solfej dersleri de alm\u0131\u015ft\u0131r. Arjantin\u2019e geri d\u00f6nd\u00fc\u011f\u00fcnde bir\u00e7ok tango orkestras\u0131nda \u00e7almaya ba\u015flam\u0131\u015ft\u0131r\u201d (Hess, 2007: 98). \u201cAstor Piazzolla, Libero Paolini ve Alberto Ginastera gibi hocalar\u0131n \u00f6\u011frencisi olmu\u015f, klasik tangonun icrac\u0131s\u0131 olarak ba\u015flad\u0131\u011f\u0131 m\u00fczik ya\u015fam\u0131nda Miguel Calo ve Anibal Troilo orkestralar\u0131nda \u00e7alarken bandoneon tekni\u011fi ve yapt\u0131\u011f\u0131 d\u00fczenlemelerle dikkati \u00e7ekmi\u015ftir\u201d (Akg\u00fcn, 1993:80).<\/p>\n<p>\u201c\u00c7ald\u0131\u011f\u0131 Anibal orkestras\u0131 i\u00e7in d\u00fczenlemeler yazm\u0131\u015ft\u0131r. Buenos Aires Senfonisi\u2019ni yazm\u0131\u015f ve Devlet Radyosu\u2019nda kat\u0131ld\u0131\u011f\u0131 Fabian Sevitzsky yar\u0131\u015fmas\u0131n\u0131 kazanm\u0131\u015ft\u0131r\u201d (Hess, 2007: 99). \u201cPiazzolla, tangonun Alt\u0131n \u00c7a\u011f d\u00f6nemindeki m\u00fczikal zenginlikle \u00e7evresi sar\u0131l\u0131yken, geleneksel tango i\u00e7inde kal\u0131rsa elde etmek istedi\u011fi y\u00fcksek ba\u015far\u0131ya ula\u015fman\u0131n kolay olmayaca\u011f\u0131n\u0131 anlamas\u0131 onu, 1946 y\u0131l\u0131nda kendi orkestras\u0131n\u0131 kurmaya g\u00f6t\u00fcrm\u00fc\u015ft\u00fcr\u201d (Narter, 2016: 57-58).<\/p>\n<p>\u201cAstor Piazzolla 1954 y\u0131l\u0131nda Paris\u2019e gitmi\u015f ve orada Ravel\u2019in \u00f6\u011frencisi, Nadia Boulanger ile beste \u00e7al\u0131\u015fmas\u0131 yapm\u0131\u015ft\u0131r. Boulanger, Piazzolla\u2019y\u0131 tango beste yapmas\u0131 i\u00e7in te\u015fvik etmi\u015ftir\u201d (Hess, 2007: 99).<\/p>\n<p>\u201c1958\u2019den 1960\u2019a kadar New York\u2019ta ya\u015fayan Piazzolla, caz-tango ad\u0131 alt\u0131nda baz\u0131 \u00e7al\u0131\u015fmalar yapm\u0131\u015ft\u0131r\u201d (Akg\u00fcn, 1993: 81).<\/p>\n<p>\u201cAmerika\u2019da kulaklar\u0131nda yer eden caz ritminin \u00f6\u011feleriyle tangonun ritimsel bile\u015fenlerini ve klasik \u00f6\u011feleri harmanlayarak, ad\u0131na Tango Nuevo-Yeni Tango denilen bir t\u00fcr yaratm\u0131\u015ft\u0131r. Yaratt\u0131\u011f\u0131 bu m\u00fczi\u011fi, dans edilebilir olmaktan \u00e7ok, dinlemek i\u00e7in geli\u015ftirmek konusunda bir yol izlemi\u015ftir. Ancak dans edenlerin de beklentisini dikkate alarak caz ritimlerini olduk\u00e7a farkl\u0131 bir forma b\u00fcr\u00fcnd\u00fcrm\u00fc\u015ft\u00fcr\u201d (Narter, 2016: 58).<\/p>\n<p>\u201cPiazzolla tangonun dansa ba\u011f\u0131ml\u0131 olmas\u0131n\u0131 reddetmi\u015ftir. Yaln\u0131zca m\u00fczisyenler i\u00e7in \u00e7al\u0131\u015fm\u0131\u015f ve tangoyu b\u00fcy\u00fck m\u00fczik d\u00fczeyine \u00e7\u0131karm\u0131\u015ft\u0131r\u201d (Hess, 2007: 98). \u201c1960 y\u0131l\u0131nda 1988\u2019e kadar s\u00fcrd\u00fcrece\u011fi \u00fcnl\u00fc be\u015flisi Quinteto Nuevo Tango-Yeni Tango Be\u015flisi\u2019ni kurmu\u015f ve Piazzolla 1988 y\u0131l\u0131nda bu be\u015fli ile \u0130stanbul Festivali\u2019ne kat\u0131lm\u0131\u015ft\u0131r\u201d (Akg\u00fcn, 1993: 82).<\/p>\n<p>\u201cAstor Piazzolla, tangoda devrim yapacak bir yenili\u011fin kahraman\u0131 olmu\u015ftur. \u00d6nceleri sadece \u00e7ekimserlikle kar\u015f\u0131lanan daha sonra yads\u0131narak delilik olarak kabul edilen m\u00fczi\u011fi kadar, al\u0131\u015f\u0131lan\u0131n \u00f6tesindeki d\u00fczenlemeleri ve \u00e7al\u0131\u015f bi\u00e7imiyle de yad\u0131rganm\u0131\u015f ve tepki g\u00f6rm\u00fc\u015ft\u00fcr. \u00c7\u00fcnk\u00fc Piazzolla halk\u0131n \u00e7ok sevdi\u011fi, neredeyse ulusal m\u00fczik niteli\u011fini kazanan tangoyu onun elindenalm\u0131\u015f ve de\u011fi\u015ftirmeye kalkm\u0131\u015ft\u0131r. Yeni Tango ad\u0131n\u0131 verdi\u011fi besteleri zamanla \u00f6zg\u00fcn Piazzolla m\u00fczi\u011fine d\u00f6n\u00fc\u015f\u00fcr. Astor Piazzolla\u2019n\u0131n d\u0131\u015f d\u00fcnyada kazand\u0131\u011f\u0131 ba\u015far\u0131 ve tango ad\u0131n\u0131 yeniden duyurmadaki \u00f6nc\u00fcl\u00fc\u011f\u00fc, fanatik tangocular\u0131 biraz olsun yat\u0131\u015ft\u0131r\u0131r ve Piazzolla\u2019n\u0131n ad\u0131 ancak bu sayededir ki \u00f6zel, sayg\u0131n bir konuma ula\u015f\u0131r Arjantin\u2019de\u201d (Akg\u00fcn, 1993: 79)<\/p>\n<p>Astor Piazzolla tangoda yenilik yapan hatta baz\u0131lar\u0131na g\u00f6re bir devrim ger\u00e7ekle\u015ftiren isim olarak m\u00fczik tarihinde yerini alm\u0131\u015ft\u0131r. Piazzolla ayn\u0131 zamanda klasik m\u00fczi\u011fin temsilcilerinden biri olmas\u0131ndan dolay\u0131 g\u00fcn\u00fcm\u00fczde \u00f6zellikle klasik m\u00fczik icrac\u0131lar\u0131 taraf\u0131ndan tango denilince akla ilk gelen isimlerden biridir. Piazzolla\u2019n\u0131n bu yenili\u011fi tango m\u00fczi\u011fini dinlenebilir bir m\u00fczik olman\u0131n ilerisinde ayn\u0131 zamanda bir ekol haline d\u00f6n\u00fc\u015ft\u00fcrm\u00fc\u015ft\u00fcr. \u201cPiazzolla kon\u00e7erto, opera, film ve tiyatro m\u00fczikleri gibi yakla\u015f\u0131k yedi y\u00fcz elli eser bestelemi\u015f, yetmi\u015f ses kayd\u0131 ger\u00e7ekle\u015ftirmi\u015ftir\u201d (Clarke, 1989: 915).<\/p>\n<p>Bahar SARIBO\u011eA<\/p>\n<p><img loading=\"lazy\" decoding=\"async\" class=\"alignnone size-full wp-image-3376\" src=\"https:\/\/www.tangoturkradio.com\/wp-content\/uploads\/2020\/07\/4f8bf143b8f26e1e31a9c6133a7cb0d5.jpg\" alt=\"\" width=\"530\" height=\"796\" srcset=\"https:\/\/www.tangoturkradio.com\/wp-content\/uploads\/2020\/07\/4f8bf143b8f26e1e31a9c6133a7cb0d5-200x300.jpg 200w, https:\/\/www.tangoturkradio.com\/wp-content\/uploads\/2020\/07\/4f8bf143b8f26e1e31a9c6133a7cb0d5-400x601.jpg 400w, https:\/\/www.tangoturkradio.com\/wp-content\/uploads\/2020\/07\/4f8bf143b8f26e1e31a9c6133a7cb0d5.jpg 530w\" sizes=\"auto, (max-width: 530px) 100vw, 530px\" \/><\/p>\n<p>Bahar SARIBO\u011eA<\/p>\n<p>Dr. \u00d6\u011fr. \u00dcyesi, Ordu \u00dcniversitesi, M\u00fczik ve Sahne Sanatlar\u0131 Fak\u00fcltesi, M\u00fczik B\u00f6l\u00fcm\u00fc, Ordu, T\u00fcrkiye.<br \/>Kaynak\u00e7a<br \/>Akg\u00fcn, F. (1993). Y\u0131llar Boyunca Tango 1865-1993. \u0130stanbul: Pan Yay\u0131nc\u0131l\u0131k.<br \/>Akg\u00fcn, F. (2002, 12 May\u0131s). Tangonun B\u00fcy\u00fcl\u00fc Sesi Bandoneon. Cumhuriyet Gazetesi,<br \/>URL: http:\/\/www.tangopedi.com\/tangonunbuyulu-sesi-bandoneon\/<br \/>Alimdar, S. (2016). Osmanl\u0131\u2019da Bat\u0131 M\u00fczi\u011fi. \u0130stanbul: T\u00fcrkiye \u0130\u015f Bankas\u0131 K\u00fclt\u00fcr Yay\u0131nlar\u0131.<br \/>Ayd\u0131no\u011flu, O. (2011). Toplumsal Cinsiyet Rolleri A\u00e7\u0131s\u0131ndan Tango\u2019nun Diyalekti\u011fi. Porte M\u00fczik ve Dans Ara\u015ft\u0131rmalar\u0131 Dergisi, 2(3), 1-12.<br \/>Clarke, D. (Ed.) (1989). The Penguin Encyclopedia of Popular Music. Viking: London.<br \/>Era\u011fan, N. (1998). Tramvayl\u0131 G\u00fcnler ve Eski Tangolar. \u0130stanbul: Alt\u0131n Kitaplar Yay\u0131nevi.<br \/>Hess, R. (2007). Tango. I\u015f\u0131k Erg\u00fcden (\u00c7ev.). Ankara: Dost Kitabevi Yay\u0131nlar\u0131.<br \/>Narter, Y. (2016). Tango B\u00f6yle Bir \u015eey!. \u0130stanbul: Ayr\u0131nt\u0131 Yay\u0131nlar\u0131.<br \/>Savigliano, M. E. (2004). Tango Tutku\u2019nun Ekonomi Politi\u011fi. Serdar Ayg\u00fcn (\u00c7ev.). \u0130stanbul: Ayr\u0131nt\u0131 Yay\u0131nlar\u0131.<br \/>T\u00fcl Demirba\u015f, A. (2017). Milongan\u0131n E\u015fik Bek\u00e7ileri: Tango DJ\u2019leri, Sosyoloji Dergisi 38 (1), 163-178.<br \/>URL:http:\/\/earsiv.sehir.edu.tr:8080\/xmlui\/bitstream\/handle\/11498\/49508\/001525816006.pdf?sequence=1&amp;isAllowed=<br \/>\u00dcnl\u00fc, C. (2016). Git Zaman Gel Zaman. \u0130stanbul: Pan Yay\u0131nc\u0131l\u0131k.<\/p>\n<\/div><div class=\"fusion-clearfix\"><\/div><\/div><\/div><\/div><\/div><div class=\"fusion-fullwidth fullwidth-box fusion-builder-row-7 nonhundred-percent-fullwidth non-hundred-percent-height-scrolling\"  style='background-color: #000000;background-position: center center;background-repeat: no-repeat;padding-top:0px;padding-right:0px;padding-bottom:0px;padding-left:0px;'><div class=\"fusion-builder-row fusion-row \"><div  class=\"fusion-layout-column fusion_builder_column fusion_builder_column_1_1 fusion-builder-column-10 fusion-one-full fusion-column-first fusion-column-last 1_1\"  style='margin-top:0px;margin-bottom:0px;'><div class=\"fusion-column-wrapper\" style=\"padding: 0px 0px 0px 0px;background-position:left top;background-repeat:no-repeat;-webkit-background-size:cover;-moz-background-size:cover;-o-background-size:cover;background-size:cover;\"   data-bg-url=\"\"><div class=\"fusion-sep-clear\"><\/div><div class=\"fusion-separator fusion-full-width-sep sep-shadow\" style=\"background:radial-gradient(ellipse at 50% -50% , #edab07 0px, rgba(255, 255, 255, 0) 80%) repeat scroll 0 0 rgba(0, 0, 0, 0);background:-webkit-radial-gradient(ellipse at 50% -50% , #edab07 0px, rgba(255, 255, 255, 0) 80%) repeat scroll 0 0 rgba(0, 0, 0, 0);background:-moz-radial-gradient(ellipse at 50% -50% , #edab07 0px, rgba(255, 255, 255, 0) 80%) repeat scroll 0 0 rgba(0, 0, 0, 0);background:-o-radial-gradient(ellipse at 50% -50% , #edab07 0px, rgba(255, 255, 255, 0) 80%) repeat scroll 0 0 rgba(0, 0, 0, 0);margin-left: auto;margin-right: auto;margin-top:;\"><\/div><div class=\"fusion-clearfix\"><\/div><\/div><\/div><\/div><\/div><style type=\"text\/css\">.fusion-fullwidth.fusion-builder-row-7 a:not(.fusion-button):not(.fusion-builder-module-control):not(.fusion-social-network-icon):not(.fb-icon-element):not(.fusion-countdown-link):not(.fusion-rollover-link):not(.fusion-rollover-gallery):not(.fusion-button-bar):not(.add_to_cart_button):not(.show_details_button):not(.product_type_external):not(.fusion-quick-view):not(.fusion-rollover-title-link):not(.fusion-breadcrumb-link) , .fusion-fullwidth.fusion-builder-row-7 a:not(.fusion-button):not(.fusion-builder-module-control):not(.fusion-social-network-icon):not(.fb-icon-element):not(.fusion-countdown-link):not(.fusion-rollover-link):not(.fusion-rollover-gallery):not(.fusion-button-bar):not(.add_to_cart_button):not(.show_details_button):not(.product_type_external):not(.fusion-quick-view):not(.fusion-rollover-title-link):not(.fusion-breadcrumb-link):before, .fusion-fullwidth.fusion-builder-row-7 a:not(.fusion-button):not(.fusion-builder-module-control):not(.fusion-social-network-icon):not(.fb-icon-element):not(.fusion-countdown-link):not(.fusion-rollover-link):not(.fusion-rollover-gallery):not(.fusion-button-bar):not(.add_to_cart_button):not(.show_details_button):not(.product_type_external):not(.fusion-quick-view):not(.fusion-rollover-title-link):not(.fusion-breadcrumb-link):after {color: #bc2b29;}.fusion-fullwidth.fusion-builder-row-7 a:not(.fusion-button):not(.fusion-builder-module-control):not(.fusion-social-network-icon):not(.fb-icon-element):not(.fusion-countdown-link):not(.fusion-rollover-link):not(.fusion-rollover-gallery):not(.fusion-button-bar):not(.add_to_cart_button):not(.show_details_button):not(.product_type_external):not(.fusion-quick-view):not(.fusion-rollover-title-link):not(.fusion-breadcrumb-link):hover, .fusion-fullwidth.fusion-builder-row-7 a:not(.fusion-button):not(.fusion-builder-module-control):not(.fusion-social-network-icon):not(.fb-icon-element):not(.fusion-countdown-link):not(.fusion-rollover-link):not(.fusion-rollover-gallery):not(.fusion-button-bar):not(.add_to_cart_button):not(.show_details_button):not(.product_type_external):not(.fusion-quick-view):not(.fusion-rollover-title-link):not(.fusion-breadcrumb-link):hover:before, .fusion-fullwidth.fusion-builder-row-7 a:not(.fusion-button):not(.fusion-builder-module-control):not(.fusion-social-network-icon):not(.fb-icon-element):not(.fusion-countdown-link):not(.fusion-rollover-link):not(.fusion-rollover-gallery):not(.fusion-button-bar):not(.add_to_cart_button):not(.show_details_button):not(.product_type_external):not(.fusion-quick-view):not(.fusion-rollover-title-link):not(.fusion-breadcrumb-link):hover:after {color: #ebbe50;}.fusion-fullwidth.fusion-builder-row-7 .pagination a.inactive:hover, .fusion-fullwidth.fusion-builder-row-7 .fusion-filters .fusion-filter.fusion-active a {border-color: #ebbe50;}.fusion-fullwidth.fusion-builder-row-7 .pagination .current {border-color: #ebbe50; background-color: #ebbe50;}.fusion-fullwidth.fusion-builder-row-7 .fusion-filters .fusion-filter.fusion-active a, .fusion-fullwidth.fusion-builder-row-7 .fusion-date-and-formats .fusion-format-box, .fusion-fullwidth.fusion-builder-row-7 .fusion-popover, .fusion-fullwidth.fusion-builder-row-7 .tooltip-shortcode {color: #ebbe50;}#main .fusion-fullwidth.fusion-builder-row-7 .post .blog-shortcode-post-title a:hover {color: #ebbe50;}<\/style><\/p>\n","protected":false},"excerpt":{"rendered":"","protected":false},"author":1,"featured_media":0,"parent":0,"menu_order":0,"comment_status":"closed","ping_status":"closed","template":"","meta":{"footnotes":""},"class_list":["post-3433","page","type-page","status-publish","hentry"],"_links":{"self":[{"href":"https:\/\/www.tangoturkradio.com\/index.php\/wp-json\/wp\/v2\/pages\/3433","targetHints":{"allow":["GET"]}}],"collection":[{"href":"https:\/\/www.tangoturkradio.com\/index.php\/wp-json\/wp\/v2\/pages"}],"about":[{"href":"https:\/\/www.tangoturkradio.com\/index.php\/wp-json\/wp\/v2\/types\/page"}],"author":[{"embeddable":true,"href":"https:\/\/www.tangoturkradio.com\/index.php\/wp-json\/wp\/v2\/users\/1"}],"replies":[{"embeddable":true,"href":"https:\/\/www.tangoturkradio.com\/index.php\/wp-json\/wp\/v2\/comments?post=3433"}],"version-history":[{"count":36,"href":"https:\/\/www.tangoturkradio.com\/index.php\/wp-json\/wp\/v2\/pages\/3433\/revisions"}],"predecessor-version":[{"id":4930,"href":"https:\/\/www.tangoturkradio.com\/index.php\/wp-json\/wp\/v2\/pages\/3433\/revisions\/4930"}],"wp:attachment":[{"href":"https:\/\/www.tangoturkradio.com\/index.php\/wp-json\/wp\/v2\/media?parent=3433"}],"curies":[{"name":"wp","href":"https:\/\/api.w.org\/{rel}","templated":true}]}}